{"id":220,"date":"2024-10-21T20:49:33","date_gmt":"2024-10-21T18:49:33","guid":{"rendered":"https:\/\/institut-kovi.com\/?page_id=220"},"modified":"2025-08-11T15:59:01","modified_gmt":"2025-08-11T13:59:01","slug":"nos-formations-pour-tous","status":"publish","type":"page","link":"https:\/\/institut-kovi.com\/index.php\/nos-formations-pour-tous\/","title":{"rendered":"Nos formations"},"content":{"rendered":"<p>[et_pb_section fb_built=\u00a0\u00bb1&Prime; inner_shadow=\u00a0\u00bbon\u00a0\u00bb custom_padding_last_edited=\u00a0\u00bbon|phone\u00a0\u00bb _builder_version=\u00a0\u00bb4.27.4&Prime; _module_preset=\u00a0\u00bbdefault\u00a0\u00bb background_color=\u00a0\u00bbRGBA(255,255,255,0)\u00a0\u00bb background_image=\u00a0\u00bbhttps:\/\/institut-kovi.com\/wp-content\/uploads\/2025\/04\/decouverte-formation-atelier-en-groupe-scaled.webp\u00a0\u00bb parallax=\u00a0\u00bbon\u00a0\u00bb module_alignment=\u00a0\u00bbcenter\u00a0\u00bb custom_padding=\u00a0\u00bb330px||330px||true|false\u00a0\u00bb custom_padding_tablet=\u00a0\u00bb330px||330px||true|false\u00a0\u00bb custom_padding_phone=\u00a0\u00bb150px||150px||true|false\u00a0\u00bb mix_blend_mode=\u00a0\u00bbdarken\u00a0\u00bb hover_enabled=\u00a0\u00bb0&Prime; background_last_edited=\u00a0\u00bbon|phone\u00a0\u00bb parallax_phone=\u00a0\u00bboff\u00a0\u00bb global_colors_info=\u00a0\u00bb{}\u00a0\u00bb sticky_enabled=\u00a0\u00bb0&Prime; custom_margin=\u00a0\u00bb125px||||false|false\u00a0\u00bb][\/et_pb_section][et_pb_section fb_built=\u00a0\u00bb1&Prime; _builder_version=\u00a0\u00bb4.27.4&Prime; _module_preset=\u00a0\u00bbdefault\u00a0\u00bb global_colors_info=\u00a0\u00bb{}\u00a0\u00bb][et_pb_row _builder_version=\u00a0\u00bb4.27.4&Prime; _module_preset=\u00a0\u00bbdefault\u00a0\u00bb custom_margin=\u00a0\u00bb36px|auto||auto||\u00a0\u00bb global_colors_info=\u00a0\u00bb{}\u00a0\u00bb][et_pb_column type=\u00a0\u00bb4_4&Prime; _builder_version=\u00a0\u00bb4.27.4&Prime; _module_preset=\u00a0\u00bbdefault\u00a0\u00bb global_colors_info=\u00a0\u00bb{}\u00a0\u00bb][et_pb_text _builder_version=\u00a0\u00bb4.27.4&Prime; _module_preset=\u00a0\u00bbdefault\u00a0\u00bb text_font=\u00a0\u00bb&#8211;et_global_heading_font||||||||\u00a0\u00bb text_text_color=\u00a0\u00bb#022b83&Prime; header_font=\u00a0\u00bb&#8211;et_global_heading_font||||||||\u00a0\u00bb header_text_align=\u00a0\u00bbcenter\u00a0\u00bb header_text_color=\u00a0\u00bb#022b83&Prime; header_font_size=\u00a0\u00bb50px\u00a0\u00bb header_font_size_tablet=\u00a0\u00bb50px\u00a0\u00bb header_font_size_phone=\u00a0\u00bb45px\u00a0\u00bb header_font_size_last_edited=\u00a0\u00bbon|phone\u00a0\u00bb inline_fonts=\u00a0\u00bbManrope\u00a0\u00bb global_colors_info=\u00a0\u00bb{}\u00a0\u00bb]<\/p>\n<h1><span style=\"color: #022b83;\"><span style=\"font-family: Manrope;\">D\u00e9couvrez<\/span><strong><span style=\"font-family: Manrope;\"> toutes nos formations<\/span><\/strong><\/span><\/h1>\n<p>[\/et_pb_text][\/et_pb_column][\/et_pb_row][et_pb_row _builder_version=\u00a0\u00bb4.27.4&Prime; _module_preset=\u00a0\u00bbdefault\u00a0\u00bb global_colors_info=\u00a0\u00bb{}\u00a0\u00bb][et_pb_column type=\u00a0\u00bb4_4&Prime; _builder_version=\u00a0\u00bb4.27.4&Prime; _module_preset=\u00a0\u00bbdefault\u00a0\u00bb global_colors_info=\u00a0\u00bb{}\u00a0\u00bb][et_pb_text _builder_version=\u00a0\u00bb4.27.4&Prime; _module_preset=\u00a0\u00bbdefault\u00a0\u00bb text_font=\u00a0\u00bb&#8211;et_global_heading_font|300|||||||\u00a0\u00bb text_text_color=\u00a0\u00bb#010101&Prime; text_font_size=\u00a0\u00bb18px\u00a0\u00bb text_line_height=\u00a0\u00bb1.8em\u00a0\u00bb locked=\u00a0\u00bboff\u00a0\u00bb global_colors_info=\u00a0\u00bb{}\u00a0\u00bb]<\/p>\n<p>Nos formations et ateliers sont con\u00e7us pour \u00eatre accessibles \u00e0 tous, quels que soient l\u2019\u00e2ge, le niveau de d\u00e9part ou les besoins de chacun. Que vous souhaitiez renforcer vos comp\u00e9tences num\u00e9riques ou d\u00e9velopper vos soft skills, nous vous accompagnons pas \u00e0 pas pour que vous gagniez en autonomie et en confiance.<\/p>\n<p style=\"text-align: center;\"><strong>Cliquez sur chaque formation pour en d\u00e9couvrir le programme, les objectifs et les modalit\u00e9s.<\/strong><\/p>\n<p>[\/et_pb_text][\/et_pb_column][\/et_pb_row][et_pb_row _builder_version=\u00a0\u00bb4.27.4&Prime; _module_preset=\u00a0\u00bbdefault\u00a0\u00bb global_colors_info=\u00a0\u00bb{}\u00a0\u00bb][et_pb_column type=\u00a0\u00bb4_4&Prime; _builder_version=\u00a0\u00bb4.27.4&Prime; _module_preset=\u00a0\u00bbdefault\u00a0\u00bb global_colors_info=\u00a0\u00bb{}\u00a0\u00bb][dsm_text_divider header=\u00a0\u00bbFormations professionnelles\u00a0\u00bb color=\u00a0\u00bb#FB914D\u00a0\u00bb _builder_version=\u00a0\u00bb4.27.4&Prime; _module_preset=\u00a0\u00bbdefault\u00a0\u00bb header_text_color=\u00a0\u00bb#022B83&Prime; header_font_size=\u00a0\u00bb30px\u00a0\u00bb global_colors_info=\u00a0\u00bb{}\u00a0\u00bb][\/dsm_text_divider][\/et_pb_column][\/et_pb_row][et_pb_row column_structure=\u00a0\u00bb1_4,1_4,1_4,1_4&Prime; _builder_version=\u00a0\u00bb4.27.4&Prime; _module_preset=\u00a0\u00bbdefault\u00a0\u00bb global_colors_info=\u00a0\u00bb{}\u00a0\u00bb][et_pb_column type=\u00a0\u00bb1_4&Prime; _builder_version=\u00a0\u00bb4.27.4&Prime; _module_preset=\u00a0\u00bbdefault\u00a0\u00bb global_colors_info=\u00a0\u00bb{}\u00a0\u00bb][et_pb_blurb title=\u00a0\u00bbFormez-vous \u00e0 la bureautique et aux outils de collaboration\u00a0\u00bb image_icon_width=\u00a0\u00bb1%\u00a0\u00bb _builder_version=\u00a0\u00bb4.27.4&Prime; _module_preset=\u00a0\u00bbdefault\u00a0\u00bb body_font=\u00a0\u00bb|300|||||||\u00a0\u00bb body_text_color=\u00a0\u00bb#010101&Prime; body_font_size=\u00a0\u00bb16px\u00a0\u00bb global_colors_info=\u00a0\u00bb{}\u00a0\u00bb]<\/p>\n<p><span data-metadata=\"&lt;!--(figmeta)eyJmaWxlS2V5IjoibjYxODRZaFdOQXFMMnVlcGxHVzU2RiIsInBhc3RlSUQiOjEwNzA4NjA1NjUsImRhdGFUeXBlIjoic2NlbmUifQo=(\/figmeta)--&gt;\" style=\"color: #3366ff;\"><\/span><span><span style=\"color: #000000;\"><a href=\"https:\/\/drive.google.com\/file\/d\/1SDx5c_3MSuEKA3rRavwB5mhDi3-a8wqL\/view?usp=drive_link\" style=\"color: #000000;\" target=\"_blank\" rel=\"noopener\">Prise en main de Windows <\/a><\/span><br \/><span style=\"color: #000000;\"><a href=\"https:\/\/drive.google.com\/file\/d\/18-ZrJuYB8erRkYRxOHHuFVgQtEQUDzmG\/view?usp=drive_link\" style=\"color: #000000;\" target=\"_blank\" rel=\"noopener\">Mac OS\u00a0: Poste de travail<\/a><\/span><br \/><span style=\"color: #000000;\"><a href=\"https:\/\/drive.google.com\/file\/d\/16gSJBz2o76TeyShNMG-ARZkQK2u_G5ze\/view?usp=drive_link\" style=\"color: #000000;\" target=\"_blank\" rel=\"noopener\">Libre office : Outil de bureautique<\/a><\/span><br \/><\/span><span style=\"color: #000000;\"><a href=\"https:\/\/drive.google.com\/file\/d\/1IjeO9kNJ175coMNTNbSUW3xljSh2SOWZ\/view?usp=drive_link\" target=\"_blank\" rel=\"noopener\" style=\"color: #000000;\">L\u2019essentiel des outils de collaboration : Webex Meeting, Zoom, Teams, etc.<\/a><\/span><\/p>\n<p>[\/et_pb_blurb][\/et_pb_column][et_pb_column type=\u00a0\u00bb1_4&Prime; _builder_version=\u00a0\u00bb4.27.4&Prime; _module_preset=\u00a0\u00bbdefault\u00a0\u00bb global_colors_info=\u00a0\u00bb{}\u00a0\u00bb][et_pb_blurb title=\u00a0\u00bbD\u00e9veloppez vos comp\u00e9tences en gestion de projet\u00a0\u00bb image_icon_width=\u00a0\u00bb1%\u00a0\u00bb admin_label=\u00a0\u00bbR\u00e9sum\u00e9\u00a0\u00bb _builder_version=\u00a0\u00bb4.27.4&Prime; _module_preset=\u00a0\u00bbdefault\u00a0\u00bb body_font=\u00a0\u00bb|300|||||||\u00a0\u00bb body_text_color=\u00a0\u00bb#010101&Prime; body_font_size=\u00a0\u00bb16px\u00a0\u00bb global_colors_info=\u00a0\u00bb{}\u00a0\u00bb]<\/p>\n<p><span data-metadata=\"&lt;!--(figmeta)eyJmaWxlS2V5IjoibjYxODRZaFdOQXFMMnVlcGxHVzU2RiIsInBhc3RlSUQiOjY5ODMxODQ3NywiZGF0YVR5cGUiOiJzY2VuZSJ9Cg==(\/figmeta)--&gt;\"><\/span><\/p>\n<p><span data-metadata=\"&lt;!--(figmeta)eyJmaWxlS2V5IjoibjYxODRZaFdOQXFMMnVlcGxHVzU2RiIsInBhc3RlSUQiOjY5ODMxODQ3NywiZGF0YVR5cGUiOiJzY2VuZSJ9Cg==(\/figmeta)--&gt;\"><\/span><span><span style=\"color: #000000;\"><a href=\"https:\/\/drive.google.com\/file\/d\/1LsLsheQQksxVz0dSuHv1bxn2PGj3cnRZ\/view?usp=drive_link\" target=\"_blank\" rel=\"noopener\" style=\"color: #000000;\">G\u00e9rer un projet informatique<\/a><\/span><br \/><\/span><span style=\"color: #000000;\"><a href=\"https:\/\/drive.google.com\/file\/d\/19rCYeezEp9VyJ2_opGo2_Ps9Nx43fhjp\/view?usp=drive_link\" target=\"_blank\" rel=\"noopener\" style=\"color: #000000;\">G\u00e9rer un projet par l\u2019exemple (stage pratique)<\/a><\/span><br \/><span style=\"color: #000000;\"><a href=\"https:\/\/drive.google.com\/file\/d\/1Ud61dfF53znSh2CM9vmZr7Rd2g4MsAYH\/view?usp=drive_link\" target=\"_blank\" rel=\"noopener\" style=\"color: #000000;\">Formation logiciel m\u00e9tier<\/a><\/span><\/p>\n<p>[\/et_pb_blurb][\/et_pb_column][et_pb_column type=\u00a0\u00bb1_4&Prime; _builder_version=\u00a0\u00bb4.27.4&Prime; _module_preset=\u00a0\u00bbdefault\u00a0\u00bb global_colors_info=\u00a0\u00bb{}\u00a0\u00bb][et_pb_blurb title=\u00a0\u00bbMieux se conna\u00eetre pour bien collaborer en entreprise \u00a0\u00bb image_icon_width=\u00a0\u00bb1%\u00a0\u00bb _builder_version=\u00a0\u00bb4.27.4&Prime; _module_preset=\u00a0\u00bbdefault\u00a0\u00bb body_font=\u00a0\u00bb|300|||||||\u00a0\u00bb body_text_color=\u00a0\u00bb#010101&Prime; body_font_size=\u00a0\u00bb16px\u00a0\u00bb global_colors_info=\u00a0\u00bb{}\u00a0\u00bb]<\/p>\n<p><span data-metadata=\"&lt;!--(figmeta)eyJmaWxlS2V5IjoibjYxODRZaFdOQXFMMnVlcGxHVzU2RiIsInBhc3RlSUQiOjE1NTU0MTMxMjksImRhdGFUeXBlIjoic2NlbmUifQo=(\/figmeta)--&gt;\"><\/span><span><span style=\"color: #000000;\"><a href=\"https:\/\/drive.google.com\/file\/d\/1uQ2Bs_SjS0yXXUlUCSGmsnbxF3umPIqm\/view?usp=drive_link\" target=\"_blank\" rel=\"noopener\" style=\"color: #000000;\">Utiliser son intelligence \u00e9motionnelle au quotidien<\/a><\/span><br \/><span style=\"color: #000000;\"><a href=\"https:\/\/drive.google.com\/file\/d\/1XXonJ1_Bv_a-Er32gAtX6AChjTc7F6T3\/view?usp=drive_link\" target=\"_blank\" rel=\"noopener\" style=\"color: #000000;\">G\u00e9rer son stress et ses \u00e9motions<\/a><\/span><br \/><\/span><span style=\"color: #000000;\"><a href=\"https:\/\/drive.google.com\/file\/d\/1xNEwIFsS1L4UA9HLHMdaPOjfaIL7eWDc\/view?usp=drive_link\" target=\"_blank\" rel=\"noopener\" style=\"color: #000000;\">Surmonter les d\u00e9fis de la prise de parole en public<\/a><\/span><\/p>\n<p>[\/et_pb_blurb][\/et_pb_column][et_pb_column type=\u00a0\u00bb1_4&Prime; _builder_version=\u00a0\u00bb4.27.4&Prime; _module_preset=\u00a0\u00bbdefault\u00a0\u00bb global_colors_info=\u00a0\u00bb{}\u00a0\u00bb][et_pb_blurb title=\u00a0\u00bbD\u00e9veloppez vos comp\u00e9tences en communication digitale\u00a0\u00bb image_icon_width=\u00a0\u00bb1%\u00a0\u00bb _builder_version=\u00a0\u00bb4.27.4&Prime; _module_preset=\u00a0\u00bbdefault\u00a0\u00bb body_font=\u00a0\u00bb|300|||||||\u00a0\u00bb body_text_color=\u00a0\u00bb#010101&Prime; body_font_size=\u00a0\u00bb16px\u00a0\u00bb global_colors_info=\u00a0\u00bb{}\u00a0\u00bb]<\/p>\n<p><span data-metadata=\"&lt;!--(figmeta)eyJmaWxlS2V5IjoibjYxODRZaFdOQXFMMnVlcGxHVzU2RiIsInBhc3RlSUQiOjYxNjk5MjIwNywiZGF0YVR5cGUiOiJzY2VuZSJ9Cg==(\/figmeta)--&gt;\"><\/span><span><span style=\"color: #000000;\"><a href=\"https:\/\/drive.google.com\/file\/d\/1rUJjuGyTPPHNg7xnpZxg8Eu9qc8OylsB\/view?usp=drive_link\" target=\"_blank\" rel=\"noopener\" style=\"color: #000000;\">Fondamentaux pratiques des r\u00e9seaux sociaux<\/a><\/span><br \/><span style=\"color: #000000;\"><a href=\"https:\/\/drive.google.com\/file\/d\/15OYBoZqRYkLWxPhTrTjmjPsvzjgunkYW\/view?usp=drive_link\" target=\"_blank\" rel=\"noopener\" style=\"color: #000000;\">Utiliser les r\u00e9seaux sociaux pour d\u00e9velopper son entreprise<\/a><\/span><br \/><\/span><\/p>\n<p>[\/et_pb_blurb][\/et_pb_column][\/et_pb_row][et_pb_row _builder_version=\u00a0\u00bb4.27.4&Prime; _module_preset=\u00a0\u00bbdefault\u00a0\u00bb global_colors_info=\u00a0\u00bb{}\u00a0\u00bb][et_pb_column type=\u00a0\u00bb4_4&Prime; _builder_version=\u00a0\u00bb4.27.4&Prime; _module_preset=\u00a0\u00bbdefault\u00a0\u00bb global_colors_info=\u00a0\u00bb{}\u00a0\u00bb][dsm_text_divider header=\u00a0\u00bbAteliers\u00a0\u00bb _builder_version=\u00a0\u00bb4.27.4&Prime; _module_preset=\u00a0\u00bbdefault\u00a0\u00bb header_text_align=\u00a0\u00bbcenter\u00a0\u00bb header_text_color=\u00a0\u00bb#022B83&Prime; header_font_size=\u00a0\u00bb30px\u00a0\u00bb global_colors_info=\u00a0\u00bb{}\u00a0\u00bb][\/dsm_text_divider][\/et_pb_column][\/et_pb_row][et_pb_row column_structure=\u00a0\u00bb1_4,1_4,1_4,1_4&Prime; _builder_version=\u00a0\u00bb4.27.4&Prime; _module_preset=\u00a0\u00bbdefault\u00a0\u00bb global_colors_info=\u00a0\u00bb{}\u00a0\u00bb][et_pb_column type=\u00a0\u00bb1_4&Prime; _builder_version=\u00a0\u00bb4.27.4&Prime; _module_preset=\u00a0\u00bbdefault\u00a0\u00bb global_colors_info=\u00a0\u00bb{}\u00a0\u00bb][et_pb_blurb title=\u00a0\u00bbPrenez en main des outils de bureautique et autres outils\u00a0\u00bb image_icon_width=\u00a0\u00bb1%\u00a0\u00bb _builder_version=\u00a0\u00bb4.27.4&Prime; _module_preset=\u00a0\u00bbdefault\u00a0\u00bb body_font=\u00a0\u00bb|300|||||||\u00a0\u00bb body_text_color=\u00a0\u00bb#010101&Prime; body_font_size=\u00a0\u00bb16px\u00a0\u00bb global_colors_info=\u00a0\u00bb{}\u00a0\u00bb]<\/p>\n<p><span style=\"font-size: 16px;\"><span style=\"color: #000000;\"><a href=\"https:\/\/drive.google.com\/file\/d\/1C4oWuTHihe0PYhZUMe3_Yeud0EX01Pis\/view?usp=drive_link?usp=sharing\" target=\"_blank\" rel=\"noopener\"><span style=\"color: #000000;\">Prise en main windows<\/span><\/a><br \/><\/span><\/span><span style=\"font-size: 16px;\"><span style=\"color: #000000;\"><a href=\"https:\/\/drive.google.com\/file\/d\/1ahhlWPqHRxMzBjo3pDtE6iSa79dsLzIv\/view?usp=drive_link?usp=sharing\" target=\"_blank\" rel=\"noopener\" style=\"color: #000000;\">Prise en main Mac OS<\/a><br \/><a href=\"https:\/\/drive.google.com\/file\/d\/1IeJ5_tX20v4DQKuIhEZd2BxL0liRMiAV\/view?usp=drive_link\" target=\"_blank\" rel=\"noopener\" style=\"color: #000000;\">P<\/a><\/span><\/span><span style=\"color: #000000;\"><a href=\"https:\/\/drive.google.com\/file\/d\/1IeJ5_tX20v4DQKuIhEZd2BxL0liRMiAV\/view?usp=drive_link\" target=\"_blank\" rel=\"noopener\" style=\"color: #000000;\">rotection et sauvegarde des donn\u00e9es: l&rsquo;essentiel<\/a><br \/><a href=\"https:\/\/drive.google.com\/file\/d\/1IeJ5_tX20v4DQKuIhEZd2BxL0liRMiAV\/view?usp=sharing\" target=\"_blank\" rel=\"noopener\" style=\"color: #000000;\">Initiation \u00e0 la sauvegarde des donn\u00e9es\u00a0: Cloud, supports externes, Time machine (Mac Os)<\/a><br \/><\/span><span style=\"color: #000000; font-size: 16px;\"><\/span><a href=\"https:\/\/drive.google.com\/file\/d\/1HJsvmZdtghSLYXNVQU0NHziYbrWPnSKO\/view?usp=drive_link\" target=\"_blank\" rel=\"noopener\" style=\"font-size: 16px; color: #000000;\">Usage pratique au quotidien de l\u2019intelligence artificielle<\/a><br \/><span><span style=\"color: #000000;\"><a href=\"https:\/\/drive.google.com\/file\/d\/19E24VBVhwDoyIeG_LmzwozrcP2UgRYZC\/view?usp=drive_link\" target=\"_blank\" rel=\"noopener\" style=\"color: #000000;\">D\u00e9couvrir la t\u00e9l\u00e9m\u00e9decine et la t\u00e9l\u00e9consultation<\/a><\/span><\/span><\/p>\n<p>[\/et_pb_blurb][\/et_pb_column][et_pb_column type=\u00a0\u00bb1_4&Prime; _builder_version=\u00a0\u00bb4.27.4&Prime; _module_preset=\u00a0\u00bbdefault\u00a0\u00bb global_colors_info=\u00a0\u00bb{}\u00a0\u00bb][et_pb_blurb title=\u00a0\u00bbApprenez \u00e0 utiliser les outils de communication\u00a0\u00bb url=\u00a0\u00bbhttps:\/\/institut-kovi.com\/wp-content\/uploads\/2025\/04\/proposition_ateliernumerique_06022025.pdf\u00a0\u00bb url_new_window=\u00a0\u00bbon\u00a0\u00bb image_icon_width=\u00a0\u00bb1%\u00a0\u00bb _builder_version=\u00a0\u00bb4.27.4&Prime; _module_preset=\u00a0\u00bbdefault\u00a0\u00bb body_font=\u00a0\u00bb|300|||||||\u00a0\u00bb body_text_color=\u00a0\u00bb#010101&Prime; body_font_size=\u00a0\u00bb16px\u00a0\u00bb link_option_url_new_window=\u00a0\u00bbon\u00a0\u00bb global_colors_info=\u00a0\u00bb{}\u00a0\u00bb]<\/p>\n<p><span data-metadata=\"&lt;!--(figmeta)eyJmaWxlS2V5IjoibjYxODRZaFdOQXFMMnVlcGxHVzU2RiIsInBhc3RlSUQiOjY1NTk4NzYwNCwiZGF0YVR5cGUiOiJzY2VuZSJ9Cg==(\/figmeta)--&gt;\"><\/span><span><a href=\"https:\/\/drive.google.com\/file\/d\/1IPKrcf8vHLXp66ERSDi0zRlltPECqY3-\/view?usp=drive_link\" target=\"_blank\" rel=\"noopener\"><span style=\"color: #010101;\">Les cl\u00e9s pour <span style=\"color: #000000;\">se<\/span> lancer <span style=\"color: #000000;\">dans<\/span> le num<\/span><span style=\"color: #000000;\">\u00e9rique<\/span><\/a><br \/><span style=\"color: #000000;\"><a href=\"https:\/\/drive.google.com\/file\/d\/1BNb2kQiRhzQzAls4u71muZwTIjVB0WOg\/view?usp=drive_link\" target=\"_blank\" rel=\"noopener\" style=\"color: #000000;\">Prise en main d\u2019internet et ses services<\/a><\/span><br \/><span style=\"color: #000000;\"><a href=\"https:\/\/drive.google.com\/file\/d\/1D6U5xua4dl7rdCgQ9p6pfwFKonF9Gp4Q\/view?usp=drive_link\" target=\"_blank\" rel=\"noopener\" style=\"color: #000000;\">L\u2019essentiel des outils de communication : whatsapp, facebook, instagram, etc.<\/a><\/span><br \/><span style=\"color: #000000;\"><a href=\"https:\/\/drive.google.com\/file\/d\/1qzaQjQtoBQk3bccIPAsLzL_EGDVemo2p\/view?usp=sharing\" target=\"_blank\" rel=\"noopener\" style=\"color: #000000;\">Initiation aux fondamentaux du digital et des r\u00e9seaux sociaux<\/a><\/span><br \/><span style=\"color: #000000;\"><a href=\"https:\/\/drive.google.com\/file\/d\/1Tm219wJAH1hATXH_XIBqtTkT1HvPif78\/view?usp=drive_link\" target=\"_blank\" rel=\"noopener\" style=\"color: #000000;\">Initiation \u00e0 France Connect et usages administratifs<\/a><\/span><br \/><span style=\"color: #000000;\"><a href=\"https:\/\/drive.google.com\/file\/d\/1sIfdElGsOHUZUVtev8h_PGSLWcF9ez1C\/view?usp=drive_link\" target=\"_blank\" rel=\"noopener\" style=\"color: #000000;\">Multim\u00e9dia pratique<\/a><\/span><br \/><\/span><\/p>\n<p>[\/et_pb_blurb][\/et_pb_column][et_pb_column type=\u00a0\u00bb1_4&Prime; _builder_version=\u00a0\u00bb4.27.4&Prime; _module_preset=\u00a0\u00bbdefault\u00a0\u00bb global_colors_info=\u00a0\u00bb{}\u00a0\u00bb][et_pb_blurb title=\u00a0\u00bbApprenez \u00e0 mieux vous conna\u00eetre\u00a0\u00bb image_icon_width=\u00a0\u00bb1%\u00a0\u00bb _builder_version=\u00a0\u00bb4.27.4&Prime; _module_preset=\u00a0\u00bbdefault\u00a0\u00bb body_font=\u00a0\u00bb|300|||||||\u00a0\u00bb body_text_color=\u00a0\u00bb#010101&Prime; body_font_size=\u00a0\u00bb16px\u00a0\u00bb global_colors_info=\u00a0\u00bb{}\u00a0\u00bb]<\/p>\n<p><span data-metadata=\"&lt;!--(figmeta)eyJmaWxlS2V5IjoibjYxODRZaFdOQXFMMnVlcGxHVzU2RiIsInBhc3RlSUQiOjE1ODQ5NTgwNTQsImRhdGFUeXBlIjoic2NlbmUifQo=(\/figmeta)--&gt;\"><\/span><span style=\"color: #000000;\"><a href=\"https:\/\/drive.google.com\/file\/d\/19viROkvMOgwYxTmrLOSA4E6qewtYUUIz\/view?usp=drive_link\" target=\"_blank\" rel=\"noopener\" style=\"color: #000000;\">Utiliser son intelligence \u00e9motionnelle au quotidien<\/a><\/span><br \/><span style=\"color: #000000;\"><a href=\"https:\/\/drive.google.com\/file\/d\/1amkx6-syrs_NdrY7c7tbOl_ED2dZrEzS\/view?usp=drive_link\" target=\"_blank\" rel=\"noopener\" style=\"color: #000000;\">G\u00e9rer son stress et ses \u00e9motions<\/a><\/span><br \/><span style=\"color: #000000;\"><a href=\"https:\/\/drive.google.com\/file\/d\/1Q-VMHQ9ThjR1iRnsIBLtODOLT4wQ7xe5\/view?usp=drive_link\" target=\"_blank\" rel=\"noopener\" style=\"color: #000000;\">G\u00e9rer ses finances personnelles avec efficacit\u00e9<\/a><\/span><\/p>\n<p>[\/et_pb_blurb][\/et_pb_column][et_pb_column type=\u00a0\u00bb1_4&Prime; _builder_version=\u00a0\u00bb4.27.4&Prime; _module_preset=\u00a0\u00bbdefault\u00a0\u00bb global_colors_info=\u00a0\u00bb{}\u00a0\u00bb][et_pb_blurb title=\u00a0\u00bbD\u00e9couvrez le monde de l\u2019entrepreneuriat \u00a0\u00bb image_icon_width=\u00a0\u00bb1%\u00a0\u00bb _builder_version=\u00a0\u00bb4.27.4&Prime; _module_preset=\u00a0\u00bbdefault\u00a0\u00bb body_font=\u00a0\u00bb|300|||||||\u00a0\u00bb body_text_color=\u00a0\u00bb#010101&Prime; body_font_size=\u00a0\u00bb16px\u00a0\u00bb global_colors_info=\u00a0\u00bb{}\u00a0\u00bb]<\/p>\n<p><span style=\"font-weight: 400;\"><span style=\"color: #000000;\"><a href=\"https:\/\/drive.google.com\/file\/d\/1mkCblKX3DMv6R-D6jzysdmUQYt6L8hn9\/view?usp=sharing\" style=\"color: #000000;\" target=\"_blank\" rel=\"noopener\">Initiation au monde professionnel pour l\u2019entrepreneuriat<\/a><\/span><br \/><span style=\"color: #000000;\"><a href=\"https:\/\/drive.google.com\/file\/d\/1W0Bgjcy_z-fNTlRIRiK1tj2XPW_3B548\/view?usp=sharing\" target=\"_blank\" rel=\"noopener\" style=\"color: #000000;\">Entreprendre\u00a0: D\u00e9couvrir les \u00e9tapes cl\u00e9s<\/a><\/span><br \/><\/span><span style=\"font-weight: 400;\"><\/span><\/p>\n<p>[\/et_pb_blurb][\/et_pb_column][\/et_pb_row][\/et_pb_section]<\/p>\n","protected":false},"excerpt":{"rendered":"<p>D\u00e9couvrez toutes nos formationsNos formations et ateliers sont con\u00e7us pour \u00eatre accessibles \u00e0 tous, quels que soient l\u2019\u00e2ge, le niveau de d\u00e9part ou les besoins de chacun. Que vous souhaitiez renforcer vos comp\u00e9tences num\u00e9riques ou d\u00e9velopper vos soft skills, nous vous accompagnons pas \u00e0 pas pour que vous gagniez en autonomie et en confiance. Cliquez [&hellip;]<\/p>\n","protected":false},"author":1,"featured_media":0,"parent":0,"menu_order":0,"comment_status":"closed","ping_status":"closed","template":"","meta":{"_et_pb_use_builder":"on","_et_pb_old_content":"","_et_gb_content_width":"","footnotes":""},"class_list":["post-220","page","type-page","status-publish","hentry"],"yoast_head":"<!-- This site is optimized with the Yoast SEO plugin v26.0 - https:\/\/yoast.com\/wordpress\/plugins\/seo\/ -->\n<title>Institut Kovi Formation -<\/title>\n<meta name=\"description\" content=\"D\u00e9couvrez toutes nos formations. Con\u00e7us pour \u00eatre accessibles \u00e0 tous, quels que soient l\u2019\u00e2ge, le niveau de d\u00e9part ou les besoins de chacun.\" \/>\n<meta name=\"robots\" content=\"index, follow, max-snippet:-1, max-image-preview:large, max-video-preview:-1\" \/>\n<link rel=\"canonical\" href=\"https:\/\/institut-kovi.com\/index.php\/nos-formations-pour-tous\/\" \/>\n<meta property=\"og:locale\" content=\"fr_FR\" \/>\n<meta property=\"og:type\" content=\"article\" \/>\n<meta property=\"og:title\" content=\"Institut Kovi Formation -\" \/>\n<meta property=\"og:description\" content=\"D\u00e9couvrez toutes nos formations. Con\u00e7us pour \u00eatre accessibles \u00e0 tous, quels que soient l\u2019\u00e2ge, le niveau de d\u00e9part ou les besoins de chacun.\" \/>\n<meta property=\"og:url\" content=\"https:\/\/institut-kovi.com\/index.php\/nos-formations-pour-tous\/\" \/>\n<meta property=\"og:site_name\" content=\"Institut Kovi Formation\" \/>\n<meta property=\"article:modified_time\" content=\"2025-08-11T13:59:01+00:00\" \/>\n<meta name=\"twitter:card\" content=\"summary_large_image\" \/>\n<meta name=\"twitter:label1\" content=\"Dur\u00e9e de lecture estim\u00e9e\" \/>\n\t<meta name=\"twitter:data1\" content=\"2 minutes\" \/>\n<script type=\"application\/ld+json\" class=\"yoast-schema-graph\">{\"@context\":\"https:\/\/schema.org\",\"@graph\":[{\"@type\":\"WebPage\",\"@id\":\"https:\/\/institut-kovi.com\/index.php\/nos-formations-pour-tous\/\",\"url\":\"https:\/\/institut-kovi.com\/index.php\/nos-formations-pour-tous\/\",\"name\":\"Institut Kovi Formation -\",\"isPartOf\":{\"@id\":\"https:\/\/institut-kovi.com\/#website\"},\"datePublished\":\"2024-10-21T18:49:33+00:00\",\"dateModified\":\"2025-08-11T13:59:01+00:00\",\"description\":\"D\u00e9couvrez toutes nos formations. Con\u00e7us pour \u00eatre accessibles \u00e0 tous, quels que soient l\u2019\u00e2ge, le niveau de d\u00e9part ou les besoins de chacun.\",\"breadcrumb\":{\"@id\":\"https:\/\/institut-kovi.com\/index.php\/nos-formations-pour-tous\/#breadcrumb\"},\"inLanguage\":\"fr-FR\",\"potentialAction\":[{\"@type\":\"ReadAction\",\"target\":[\"https:\/\/institut-kovi.com\/index.php\/nos-formations-pour-tous\/\"]}]},{\"@type\":\"BreadcrumbList\",\"@id\":\"https:\/\/institut-kovi.com\/index.php\/nos-formations-pour-tous\/#breadcrumb\",\"itemListElement\":[{\"@type\":\"ListItem\",\"position\":1,\"name\":\"Accueil\",\"item\":\"https:\/\/institut-kovi.com\/\"},{\"@type\":\"ListItem\",\"position\":2,\"name\":\"Nos formations\"}]},{\"@type\":\"WebSite\",\"@id\":\"https:\/\/institut-kovi.com\/#website\",\"url\":\"https:\/\/institut-kovi.com\/\",\"name\":\"Institut Kovi Formation\",\"description\":\"Accompagner le d\u00e9veloppement de vos comp\u00e9tences\",\"publisher\":{\"@id\":\"https:\/\/institut-kovi.com\/#organization\"},\"potentialAction\":[{\"@type\":\"SearchAction\",\"target\":{\"@type\":\"EntryPoint\",\"urlTemplate\":\"https:\/\/institut-kovi.com\/?s={search_term_string}\"},\"query-input\":{\"@type\":\"PropertyValueSpecification\",\"valueRequired\":true,\"valueName\":\"search_term_string\"}}],\"inLanguage\":\"fr-FR\"},{\"@type\":\"Organization\",\"@id\":\"https:\/\/institut-kovi.com\/#organization\",\"name\":\"Institut Kovi Formation\",\"url\":\"https:\/\/institut-kovi.com\/\",\"logo\":{\"@type\":\"ImageObject\",\"inLanguage\":\"fr-FR\",\"@id\":\"https:\/\/institut-kovi.com\/#\/schema\/logo\/image\/\",\"url\":\"https:\/\/institut-kovi.com\/wp-content\/uploads\/2025\/04\/logo-Institut-kovi-removebg-preview-1.png\",\"contentUrl\":\"https:\/\/institut-kovi.com\/wp-content\/uploads\/2025\/04\/logo-Institut-kovi-removebg-preview-1.png\",\"width\":495,\"height\":362,\"caption\":\"Institut Kovi Formation\"},\"image\":{\"@id\":\"https:\/\/institut-kovi.com\/#\/schema\/logo\/image\/\"},\"sameAs\":[\"https:\/\/www.linkedin.com\/in\/fabricekuakuvi\/\"]}]}<\/script>\n<!-- \/ Yoast SEO plugin. -->","yoast_head_json":{"title":"Institut Kovi Formation -","description":"D\u00e9couvrez toutes nos formations. Con\u00e7us pour \u00eatre accessibles \u00e0 tous, quels que soient l\u2019\u00e2ge, le niveau de d\u00e9part ou les besoins de chacun.","robots":{"index":"index","follow":"follow","max-snippet":"max-snippet:-1","max-image-preview":"max-image-preview:large","max-video-preview":"max-video-preview:-1"},"canonical":"https:\/\/institut-kovi.com\/index.php\/nos-formations-pour-tous\/","og_locale":"fr_FR","og_type":"article","og_title":"Institut Kovi Formation -","og_description":"D\u00e9couvrez toutes nos formations. Con\u00e7us pour \u00eatre accessibles \u00e0 tous, quels que soient l\u2019\u00e2ge, le niveau de d\u00e9part ou les besoins de chacun.","og_url":"https:\/\/institut-kovi.com\/index.php\/nos-formations-pour-tous\/","og_site_name":"Institut Kovi Formation","article_modified_time":"2025-08-11T13:59:01+00:00","twitter_card":"summary_large_image","twitter_misc":{"Dur\u00e9e de lecture estim\u00e9e":"2 minutes"},"schema":{"@context":"https:\/\/schema.org","@graph":[{"@type":"WebPage","@id":"https:\/\/institut-kovi.com\/index.php\/nos-formations-pour-tous\/","url":"https:\/\/institut-kovi.com\/index.php\/nos-formations-pour-tous\/","name":"Institut Kovi Formation -","isPartOf":{"@id":"https:\/\/institut-kovi.com\/#website"},"datePublished":"2024-10-21T18:49:33+00:00","dateModified":"2025-08-11T13:59:01+00:00","description":"D\u00e9couvrez toutes nos formations. Con\u00e7us pour \u00eatre accessibles \u00e0 tous, quels que soient l\u2019\u00e2ge, le niveau de d\u00e9part ou les besoins de chacun.","breadcrumb":{"@id":"https:\/\/institut-kovi.com\/index.php\/nos-formations-pour-tous\/#breadcrumb"},"inLanguage":"fr-FR","potentialAction":[{"@type":"ReadAction","target":["https:\/\/institut-kovi.com\/index.php\/nos-formations-pour-tous\/"]}]},{"@type":"BreadcrumbList","@id":"https:\/\/institut-kovi.com\/index.php\/nos-formations-pour-tous\/#breadcrumb","itemListElement":[{"@type":"ListItem","position":1,"name":"Accueil","item":"https:\/\/institut-kovi.com\/"},{"@type":"ListItem","position":2,"name":"Nos formations"}]},{"@type":"WebSite","@id":"https:\/\/institut-kovi.com\/#website","url":"https:\/\/institut-kovi.com\/","name":"Institut Kovi Formation","description":"Accompagner le d\u00e9veloppement de vos comp\u00e9tences","publisher":{"@id":"https:\/\/institut-kovi.com\/#organization"},"potentialAction":[{"@type":"SearchAction","target":{"@type":"EntryPoint","urlTemplate":"https:\/\/institut-kovi.com\/?s={search_term_string}"},"query-input":{"@type":"PropertyValueSpecification","valueRequired":true,"valueName":"search_term_string"}}],"inLanguage":"fr-FR"},{"@type":"Organization","@id":"https:\/\/institut-kovi.com\/#organization","name":"Institut Kovi Formation","url":"https:\/\/institut-kovi.com\/","logo":{"@type":"ImageObject","inLanguage":"fr-FR","@id":"https:\/\/institut-kovi.com\/#\/schema\/logo\/image\/","url":"https:\/\/institut-kovi.com\/wp-content\/uploads\/2025\/04\/logo-Institut-kovi-removebg-preview-1.png","contentUrl":"https:\/\/institut-kovi.com\/wp-content\/uploads\/2025\/04\/logo-Institut-kovi-removebg-preview-1.png","width":495,"height":362,"caption":"Institut Kovi Formation"},"image":{"@id":"https:\/\/institut-kovi.com\/#\/schema\/logo\/image\/"},"sameAs":["https:\/\/www.linkedin.com\/in\/fabricekuakuvi\/"]}]}},"_links":{"self":[{"href":"https:\/\/institut-kovi.com\/index.php\/wp-json\/wp\/v2\/pages\/220","targetHints":{"allow":["GET"]}}],"collection":[{"href":"https:\/\/institut-kovi.com\/index.php\/wp-json\/wp\/v2\/pages"}],"about":[{"href":"https:\/\/institut-kovi.com\/index.php\/wp-json\/wp\/v2\/types\/page"}],"author":[{"embeddable":true,"href":"https:\/\/institut-kovi.com\/index.php\/wp-json\/wp\/v2\/users\/1"}],"replies":[{"embeddable":true,"href":"https:\/\/institut-kovi.com\/index.php\/wp-json\/wp\/v2\/comments?post=220"}],"version-history":[{"count":80,"href":"https:\/\/institut-kovi.com\/index.php\/wp-json\/wp\/v2\/pages\/220\/revisions"}],"predecessor-version":[{"id":226438,"href":"https:\/\/institut-kovi.com\/index.php\/wp-json\/wp\/v2\/pages\/220\/revisions\/226438"}],"wp:attachment":[{"href":"https:\/\/institut-kovi.com\/index.php\/wp-json\/wp\/v2\/media?parent=220"}],"curies":[{"name":"wp","href":"https:\/\/api.w.org\/{rel}","templated":true}]}}