{"id":359,"date":"2025-01-18T16:43:30","date_gmt":"2025-01-18T15:43:30","guid":{"rendered":"https:\/\/institut-kovi.com\/?page_id=359"},"modified":"2025-08-11T17:57:32","modified_gmt":"2025-08-11T15:57:32","slug":"offres-formations","status":"publish","type":"page","link":"https:\/\/institut-kovi.com\/index.php\/offres-formations\/","title":{"rendered":"Nos offres"},"content":{"rendered":"<p>[et_pb_section fb_built=\u00a0\u00bb1&Prime; custom_padding_last_edited=\u00a0\u00bbon|phone\u00a0\u00bb _builder_version=\u00a0\u00bb4.27.4&Prime; _module_preset=\u00a0\u00bbdefault\u00a0\u00bb background_image=\u00a0\u00bbhttps:\/\/institut-kovi.com\/wp-content\/uploads\/2025\/05\/digitalisation-outils-numerique.webp\u00a0\u00bb parallax=\u00a0\u00bbon\u00a0\u00bb custom_margin=\u00a0\u00bb125px||||false|false\u00a0\u00bb custom_padding=\u00a0\u00bb330px||330px||true|false\u00a0\u00bb custom_padding_tablet=\u00a0\u00bb330px||330px||true|false\u00a0\u00bb custom_padding_phone=\u00a0\u00bb150px||150px||false|false\u00a0\u00bb background_last_edited=\u00a0\u00bbon|phone\u00a0\u00bb parallax_phone=\u00a0\u00bboff\u00a0\u00bb global_colors_info=\u00a0\u00bb{}\u00a0\u00bb][\/et_pb_section][et_pb_section fb_built=\u00a0\u00bb1&Prime; _builder_version=\u00a0\u00bb4.27.4&Prime; _module_preset=\u00a0\u00bbdefault\u00a0\u00bb custom_padding=\u00a0\u00bb||0px|||\u00a0\u00bb global_colors_info=\u00a0\u00bb{}\u00a0\u00bb][et_pb_row _builder_version=\u00a0\u00bb4.27.4&Prime; _module_preset=\u00a0\u00bbdefault\u00a0\u00bb custom_margin=\u00a0\u00bb36px|auto||auto||\u00a0\u00bb animation_style=\u00a0\u00bbslide\u00a0\u00bb global_colors_info=\u00a0\u00bb{}\u00a0\u00bb][et_pb_column type=\u00a0\u00bb4_4&Prime; _builder_version=\u00a0\u00bb4.27.4&Prime; _module_preset=\u00a0\u00bbdefault\u00a0\u00bb global_colors_info=\u00a0\u00bb{}\u00a0\u00bb][et_pb_text _builder_version=\u00a0\u00bb4.27.4&Prime; _module_preset=\u00a0\u00bbdefault\u00a0\u00bb text_font=\u00a0\u00bb&#8211;et_global_body_font||||||||\u00a0\u00bb header_text_align=\u00a0\u00bbcenter\u00a0\u00bb header_font_size=\u00a0\u00bb50px\u00a0\u00bb hover_enabled=\u00a0\u00bb0&Prime; global_colors_info=\u00a0\u00bb{}\u00a0\u00bb header_font_size_last_edited=\u00a0\u00bbon|phone\u00a0\u00bb sticky_enabled=\u00a0\u00bb0&Prime; header_font_size_phone=\u00a0\u00bb35px\u00a0\u00bb header_font_size_tablet=\u00a0\u00bb50px\u00a0\u00bb]<\/p>\n<h1 style=\"text-align: center;\"><span style=\"color: #022b83;\">D\u00e9couvrez notre engagement et nos offres<\/span><\/h1>\n<p>[\/et_pb_text][\/et_pb_column][\/et_pb_row][et_pb_row column_structure=\u00a0\u00bb1_2,1_2&Prime; _builder_version=\u00a0\u00bb4.27.4&Prime; _module_preset=\u00a0\u00bbdefault\u00a0\u00bb custom_padding=\u00a0\u00bb||50px|||\u00a0\u00bb global_colors_info=\u00a0\u00bb{}\u00a0\u00bb][et_pb_column type=\u00a0\u00bb1_2&Prime; _builder_version=\u00a0\u00bb4.27.4&Prime; _module_preset=\u00a0\u00bbdefault\u00a0\u00bb global_colors_info=\u00a0\u00bb{}\u00a0\u00bb][et_pb_text _builder_version=\u00a0\u00bb4.27.4&Prime; _module_preset=\u00a0\u00bbdefault\u00a0\u00bb text_font=\u00a0\u00bb&#8211;et_global_heading_font||||||||\u00a0\u00bb text_line_height=\u00a0\u00bb1.8em\u00a0\u00bb global_colors_info=\u00a0\u00bb{}\u00a0\u00bb]<\/p>\n<p><strong><span data-sheets-root=\"1\">Des offres accessibles pour tous.<\/span><\/strong><\/p>\n<p>[\/et_pb_text][et_pb_text _builder_version=\u00a0\u00bb4.27.4&Prime; _module_preset=\u00a0\u00bbdefault\u00a0\u00bb text_font=\u00a0\u00bb&#8211;et_global_heading_font|300|||||||\u00a0\u00bb text_text_color=\u00a0\u00bb#010101&Prime; text_font_size=\u00a0\u00bb18px\u00a0\u00bb text_line_height=\u00a0\u00bb1.8em\u00a0\u00bb global_colors_info=\u00a0\u00bb{}\u00a0\u00bb]<\/p>\n<p><span style=\"font-weight: 400;\">De nombreuses personnes et entreprises font face aux d\u00e9fis \u00e0 l\u2019\u00e8re du num\u00e9rique, cherchant des rep\u00e8res et outils pour s\u2019adapter. Institut Kovi est l\u00e0 pour les aider.<\/span><\/p>\n<p><span style=\"font-weight: 400;\">Que ce soit dans le domaine du num\u00e9rique ou du d\u00e9veloppement personnel, chacun peut, \u00e0 un moment de sa vie, ressentir le besoin de se former, d\u2019\u00e9voluer ou de se r\u00e9inventer. Notre organisme de formation propose un accompagnement personnalis\u00e9, adapt\u00e9 aux besoins et aux projets de chacun.<\/span><\/p>\n<p><span style=\"font-weight: 400;\">Institut Kovi a pour missions :<\/span><span style=\"font-weight: 400;\"><\/span><span style=\"font-weight: 400;\"><\/span><span style=\"font-weight: 400;\"><\/span><\/p>\n<p>[\/et_pb_text][\/et_pb_column][et_pb_column type=\u00a0\u00bb1_2&Prime; _builder_version=\u00a0\u00bb4.27.4&Prime; _module_preset=\u00a0\u00bbdefault\u00a0\u00bb global_colors_info=\u00a0\u00bb{}\u00a0\u00bb][et_pb_image src=\u00a0\u00bbhttps:\/\/institut-kovi.com\/wp-content\/uploads\/2025\/05\/focused-architects-working-new-project-scaled.webp\u00a0\u00bb alt=\u00a0\u00bbQuatre apprenants concentr\u00e9s pendant leur atelier\u00a0\u00bb title_text=\u00a0\u00bbQuatre apprenants concentr\u00e9s pendant leur atelier\u00a0\u00bb _builder_version=\u00a0\u00bb4.27.4&Prime; _module_preset=\u00a0\u00bbdefault\u00a0\u00bb border_radii=\u00a0\u00bbon|22px|22px|22px|22px\u00a0\u00bb border_width_all=\u00a0\u00bb6px\u00a0\u00bb border_color_all=\u00a0\u00bb#FB914D\u00a0\u00bb global_colors_info=\u00a0\u00bb{}\u00a0\u00bb][\/et_pb_image][\/et_pb_column][\/et_pb_row][et_pb_row column_structure=\u00a0\u00bb1_3,1_3,1_3&Prime; _builder_version=\u00a0\u00bb4.27.4&Prime; _module_preset=\u00a0\u00bbdefault\u00a0\u00bb custom_margin=\u00a0\u00bb20px||20px||true|false\u00a0\u00bb custom_padding=\u00a0\u00bb20px||20px||true|false\u00a0\u00bb global_colors_info=\u00a0\u00bb{}\u00a0\u00bb][et_pb_column type=\u00a0\u00bb1_3&Prime; _builder_version=\u00a0\u00bb4.27.4&Prime; _module_preset=\u00a0\u00bbdefault\u00a0\u00bb global_colors_info=\u00a0\u00bb{}\u00a0\u00bb][et_pb_icon font_icon=\u00a0\u00bb&#xf2a2;||fa||900&Prime; _builder_version=\u00a0\u00bb4.27.4&Prime; _module_preset=\u00a0\u00bbdefault\u00a0\u00bb global_colors_info=\u00a0\u00bb{}\u00a0\u00bb][\/et_pb_icon][et_pb_text _builder_version=\u00a0\u00bb4.27.4&Prime; _module_preset=\u00a0\u00bbdefault\u00a0\u00bb text_font=\u00a0\u00bb&#8211;et_global_heading_font|300|||||||\u00a0\u00bb text_text_color=\u00a0\u00bb#010101&Prime; text_font_size=\u00a0\u00bb18px\u00a0\u00bb global_colors_info=\u00a0\u00bb{}\u00a0\u00bb]<\/p>\n<p style=\"text-align: center;\">Ecouter les besoins des entreprises et des particuliers<span style=\"font-weight: 400;\"><\/span><\/p>\n<p>[\/et_pb_text][\/et_pb_column][et_pb_column type=\u00a0\u00bb1_3&Prime; _builder_version=\u00a0\u00bb4.27.4&Prime; _module_preset=\u00a0\u00bbdefault\u00a0\u00bb global_colors_info=\u00a0\u00bb{}\u00a0\u00bb][et_pb_icon font_icon=\u00a0\u00bb&#xf1ad;||fa||400&Prime; _builder_version=\u00a0\u00bb4.27.4&Prime; _module_preset=\u00a0\u00bbdefault\u00a0\u00bb global_colors_info=\u00a0\u00bb{}\u00a0\u00bb][\/et_pb_icon][et_pb_text _builder_version=\u00a0\u00bb4.27.4&Prime; _module_preset=\u00a0\u00bbdefault\u00a0\u00bb text_font=\u00a0\u00bb&#8211;et_global_heading_font|300|||||||\u00a0\u00bb text_text_color=\u00a0\u00bb#010101&Prime; text_font_size=\u00a0\u00bb18px\u00a0\u00bb global_colors_info=\u00a0\u00bb{}\u00a0\u00bb]<\/p>\n<p style=\"text-align: center;\">Apprendre en continu en oeuvrant avec les entreprises et les collectivit\u00e9s pour servir leurs salari\u00e9s.<\/p>\n<p>[\/et_pb_text][dsm_icon_list _builder_version=\u00a0\u00bb4.27.4&Prime; _module_preset=\u00a0\u00bbdefault\u00a0\u00bb global_colors_info=\u00a0\u00bb{}\u00a0\u00bb][\/dsm_icon_list][\/et_pb_column][et_pb_column type=\u00a0\u00bb1_3&Prime; _builder_version=\u00a0\u00bb4.27.4&Prime; _module_preset=\u00a0\u00bbdefault\u00a0\u00bb global_colors_info=\u00a0\u00bb{}\u00a0\u00bb][et_pb_icon font_icon=\u00a0\u00bb&#xf51c;||fa||900&Prime; _builder_version=\u00a0\u00bb4.27.4&Prime; _module_preset=\u00a0\u00bbdefault\u00a0\u00bb global_colors_info=\u00a0\u00bb{}\u00a0\u00bb][\/et_pb_icon][et_pb_text _builder_version=\u00a0\u00bb4.27.4&Prime; _module_preset=\u00a0\u00bbdefault\u00a0\u00bb text_font=\u00a0\u00bb&#8211;et_global_heading_font|300|||||||\u00a0\u00bb text_text_color=\u00a0\u00bb#010101&Prime; text_font_size=\u00a0\u00bb18px\u00a0\u00bb global_colors_info=\u00a0\u00bb{}\u00a0\u00bb]<\/p>\n<p style=\"text-align: center;\">Agir pour apporter \u00e0 tous, associations et particuliers, des solutions tangibles sur mesure.<\/p>\n<p>[\/et_pb_text][\/et_pb_column][\/et_pb_row][\/et_pb_section][et_pb_section fb_built=\u00a0\u00bb1&Prime; _builder_version=\u00a0\u00bb4.27.4&Prime; _module_preset=\u00a0\u00bbdefault\u00a0\u00bb background_color=\u00a0\u00bb#0F5CBF\u00a0\u00bb custom_padding=\u00a0\u00bb||100px|||\u00a0\u00bb global_colors_info=\u00a0\u00bb{}\u00a0\u00bb][et_pb_row _builder_version=\u00a0\u00bb4.27.4&Prime; _module_preset=\u00a0\u00bbdefault\u00a0\u00bb global_colors_info=\u00a0\u00bb{}\u00a0\u00bb][et_pb_column type=\u00a0\u00bb4_4&Prime; _builder_version=\u00a0\u00bb4.27.4&Prime; _module_preset=\u00a0\u00bbdefault\u00a0\u00bb global_colors_info=\u00a0\u00bb{}\u00a0\u00bb][et_pb_text _builder_version=\u00a0\u00bb4.27.4&Prime; _module_preset=\u00a0\u00bbdefault\u00a0\u00bb text_font=\u00a0\u00bb&#8211;et_global_heading_font||||||||\u00a0\u00bb text_text_color=\u00a0\u00bb#FFFFFF\u00a0\u00bb text_font_size=\u00a0\u00bb25px\u00a0\u00bb text_line_height=\u00a0\u00bb1.8em\u00a0\u00bb header_text_align=\u00a0\u00bbcenter\u00a0\u00bb background_color=\u00a0\u00bb#0F5CBF\u00a0\u00bb custom_margin=\u00a0\u00bb-19px|20px||20px|false|true\u00a0\u00bb custom_padding=\u00a0\u00bb||||true|false\u00a0\u00bb global_colors_info=\u00a0\u00bb{}\u00a0\u00bb]<\/p>\n<p style=\"text-align: center;\"><strong><span class=\"WdYUQQ text-decoration-none text-strikethrough-none\">Accro\u00eetre vos savoir-faire et d\u00e9velopper vos savoir-\u00eatre<\/span><\/strong><\/p>\n<p style=\"text-align: center;\"><b>Institut Kovi<\/b><span style=\"font-weight: 400;\">\u00a0est un\u00a0<\/span><b>organisme de formation<\/b><span style=\"font-weight: 400;\">\u00a0sp\u00e9cialis\u00e9 dans la transmission de\u00a0<\/span><b>comp\u00e9tences du num\u00e9rique\u00a0<\/b><span style=\"font-weight: 400;\">et l\u2019am\u00e9lioration des\u00a0<\/span><b>connaissances humaines<\/b><span style=\"font-weight: 400;\">.<\/span><\/p>\n<p style=\"text-align: left;\">\n<p>[\/et_pb_text][\/et_pb_column][\/et_pb_row][et_pb_row column_structure=\u00a0\u00bb1_2,1_2&Prime; _builder_version=\u00a0\u00bb4.27.4&Prime; _module_preset=\u00a0\u00bbdefault\u00a0\u00bb global_colors_info=\u00a0\u00bb{}\u00a0\u00bb][et_pb_column type=\u00a0\u00bb1_2&Prime; _builder_version=\u00a0\u00bb4.27.4&Prime; _module_preset=\u00a0\u00bbdefault\u00a0\u00bb global_colors_info=\u00a0\u00bb{}\u00a0\u00bb][et_pb_image src=\u00a0\u00bbhttps:\/\/institut-kovi.com\/wp-content\/uploads\/2025\/05\/accompagnement-numerique-formation-ateliers-scaled.webp\u00a0\u00bb alt=\u00a0\u00bbDeux hommes \u00e9changent assis \u00e0 un bureau\u00a0\u00bb title_text=\u00a0\u00bbDeux hommes \u00e9changent assis \u00e0 un bureau\u00a0\u00bb _builder_version=\u00a0\u00bb4.27.4&Prime; _module_preset=\u00a0\u00bbdefault\u00a0\u00bb border_radii=\u00a0\u00bbon|22px|22px|22px|22px\u00a0\u00bb border_width_all=\u00a0\u00bb7px\u00a0\u00bb border_color_all=\u00a0\u00bb#FA65C4&Prime; global_colors_info=\u00a0\u00bb{}\u00a0\u00bb][\/et_pb_image][et_pb_text _builder_version=\u00a0\u00bb4.27.4&Prime; _module_preset=\u00a0\u00bbdefault\u00a0\u00bb text_font=\u00a0\u00bb&#8211;et_global_heading_font|300|||||||\u00a0\u00bb text_text_color=\u00a0\u00bb#FFFFFF\u00a0\u00bb text_font_size=\u00a0\u00bb16px\u00a0\u00bb header_2_font_size=\u00a0\u00bb20px\u00a0\u00bb header_3_font_size=\u00a0\u00bb20px\u00a0\u00bb background_enable_color=\u00a0\u00bboff\u00a0\u00bb custom_padding=\u00a0\u00bb20px|20px|20px|20px|true|true\u00a0\u00bb global_colors_info=\u00a0\u00bb{}\u00a0\u00bb]<\/p>\n<h2><span style=\"color: #ffffff;\"><strong>Pour les entreprises et les collectivit\u00e9s<\/strong><\/span><\/h2>\n<div class=\"docos-replyview-body docos-anchoredreplyview-body docos-replyview-body-emoji-reactable docos-replyview-body-emoji-reactable-background\" dir=\"ltr\">Nos formations au num\u00e9rique am\u00e9liorent l\u2019efficacit\u00e9 des processus de travail tandis que l\u2019enrichissement du capital humain par le d\u00e9veloppement personnel, propos\u00e9 par Institut Kovi, am\u00e9liore la collaboration au travail pour plus d\u2019efficacit\u00e9 et de bien-\u00eatre.<\/div>\n<p>[\/et_pb_text][\/et_pb_column][et_pb_column type=\u00a0\u00bb1_2&Prime; _builder_version=\u00a0\u00bb4.27.4&Prime; _module_preset=\u00a0\u00bbdefault\u00a0\u00bb global_colors_info=\u00a0\u00bb{}\u00a0\u00bb][et_pb_image src=\u00a0\u00bbhttps:\/\/institut-kovi.com\/wp-content\/uploads\/2025\/05\/formation-tout-public-seniors.webp\u00a0\u00bb alt=\u00a0\u00bbDeux formateurs \u00e9changent dans un bureau\u00a0\u00bb title_text=\u00a0\u00bbDeux formateurs \u00e9changent dans un bureau\u00a0\u00bb _builder_version=\u00a0\u00bb4.27.4&Prime; _module_preset=\u00a0\u00bbdefault\u00a0\u00bb border_radii=\u00a0\u00bbon|22px|22px|22px|22px\u00a0\u00bb border_width_all=\u00a0\u00bb7px\u00a0\u00bb border_color_all=\u00a0\u00bb#FDDA44&Prime; global_colors_info=\u00a0\u00bb{}\u00a0\u00bb][\/et_pb_image][et_pb_text _builder_version=\u00a0\u00bb4.27.4&Prime; _module_preset=\u00a0\u00bbdefault\u00a0\u00bb text_font=\u00a0\u00bb&#8211;et_global_heading_font|300|||||||\u00a0\u00bb text_text_color=\u00a0\u00bb#FFFFFF\u00a0\u00bb text_font_size=\u00a0\u00bb16px\u00a0\u00bb header_2_font_size=\u00a0\u00bb20px\u00a0\u00bb header_3_font_size=\u00a0\u00bb20px\u00a0\u00bb background_enable_color=\u00a0\u00bboff\u00a0\u00bb custom_padding=\u00a0\u00bb20px|20px|20px|20px|true|true\u00a0\u00bb global_colors_info=\u00a0\u00bb{}\u00a0\u00bb]<\/p>\n<h2><span style=\"color: #ffffff;\"><strong>Pour les particuliers et les associations<\/strong><\/span><\/h2>\n<p><span style=\"font-weight: 400;\">Nos ateliers num\u00e9riques destin\u00e9s aux particuliers et associations rendent accessibles les outils num\u00e9riques devenus incontournables. En compl\u00e9ment, les ateliers pratiques de d\u00e9veloppement personnel am\u00e9liorent la qualit\u00e9 de vie au quotidien.<\/span><\/p>\n<p>[\/et_pb_text][\/et_pb_column][\/et_pb_row][\/et_pb_section][et_pb_section fb_built=\u00a0\u00bb1&Prime; _builder_version=\u00a0\u00bb4.27.4&Prime; _module_preset=\u00a0\u00bbdefault\u00a0\u00bb custom_padding=\u00a0\u00bb66px||66px||true|\u00a0\u00bb global_colors_info=\u00a0\u00bb{}\u00a0\u00bb][et_pb_row _builder_version=\u00a0\u00bb4.27.4&Prime; _module_preset=\u00a0\u00bbdefault\u00a0\u00bb min_height=\u00a0\u00bb443px\u00a0\u00bb custom_padding=\u00a0\u00bb||||false|false\u00a0\u00bb global_colors_info=\u00a0\u00bb{}\u00a0\u00bb][et_pb_column type=\u00a0\u00bb4_4&Prime; _builder_version=\u00a0\u00bb4.27.4&Prime; _module_preset=\u00a0\u00bbdefault\u00a0\u00bb global_colors_info=\u00a0\u00bb{}\u00a0\u00bb][et_pb_text _builder_version=\u00a0\u00bb4.27.4&Prime; _module_preset=\u00a0\u00bbdefault\u00a0\u00bb text_font=\u00a0\u00bb&#8211;et_global_heading_font|300|||||||\u00a0\u00bb text_text_color=\u00a0\u00bb#010101&Prime; text_font_size=\u00a0\u00bb16px\u00a0\u00bb custom_margin=\u00a0\u00bb||60px||false|false\u00a0\u00bb global_colors_info=\u00a0\u00bb{}\u00a0\u00bb]<\/p>\n<p data-start=\"707\" data-end=\"927\" class=\"\">Ici, pas besoin d\u2019\u00eatre expert : nos formations et nos ateliers d\u2019adaptent \u00e0 votre rythme et \u00e0 votre niveau.<\/p>\n<p data-start=\"707\" data-end=\"927\" class=\"\">Le num\u00e9rique devient simple et compr\u00e9hensible, et les comp\u00e9tences humaines se cultivent dans un cadre bienveillant et stimulant.<\/p>\n<p data-start=\"934\" data-end=\"1133\" class=\"\">L\u2019objectif est clair : Vous permettre d\u2019utiliser facilement les outils num\u00e9riques, de mieux communiquer, de gagner en assurance et de devenir autonome dans vos projets personnels ou professionnels.<\/p>\n<p data-start=\"1140\" data-end=\"1318\" class=\"\">Nos formations et ateliers s\u2019adaptent aussi bien aux d\u00e9butants qu\u2019\u00e0 ceux qui souhaitent se perfectionner, avec une approche p\u00e9dagogique qui valorise l\u2019apprentissage progressif et l\u2019\u00e9change.<\/p>\n<p>[\/et_pb_text][et_pb_button button_url=\u00a0\u00bbhttps:\/\/institut-kovi.com\/index.php\/nos-formations\/\u00a0\u00bb button_text=\u00a0\u00bbD\u00e9couvrir le catalogue des formations\u00a0\u00bb button_alignment=\u00a0\u00bbcenter\u00a0\u00bb module_id=\u00a0\u00bbcontact\u00a0\u00bb _builder_version=\u00a0\u00bb4.27.4&Prime; _module_preset=\u00a0\u00bbdefault\u00a0\u00bb custom_button=\u00a0\u00bbon\u00a0\u00bb button_text_size=\u00a0\u00bb16px\u00a0\u00bb button_text_color=\u00a0\u00bb#FFFFFF\u00a0\u00bb button_bg_color=\u00a0\u00bb#022b83&Prime; button_border_width=\u00a0\u00bb0px\u00a0\u00bb button_border_radius=\u00a0\u00bb20px\u00a0\u00bb button_letter_spacing=\u00a0\u00bb1px\u00a0\u00bb button_font=\u00a0\u00bb|700|||||||\u00a0\u00bb custom_margin=\u00a0\u00bb||||false|false\u00a0\u00bb custom_padding=\u00a0\u00bb14px|34px|14px|34px|false|false\u00a0\u00bb animation_style=\u00a0\u00bbzoom\u00a0\u00bb global_colors_info=\u00a0\u00bb{}\u00a0\u00bb button_letter_spacing__hover=\u00a0\u00bb1px\u00a0\u00bb button_letter_spacing__hover_enabled=\u00a0\u00bbon\u00a0\u00bb][\/et_pb_button][\/et_pb_column][\/et_pb_row][\/et_pb_section]<\/p>\n","protected":false},"excerpt":{"rendered":"<p>D\u00e9couvrez notre engagement et nos offresDes offres accessibles pour tous.De nombreuses personnes et entreprises font face aux d\u00e9fis \u00e0 l\u2019\u00e8re du num\u00e9rique, cherchant des rep\u00e8res et outils pour s\u2019adapter. Institut Kovi est l\u00e0 pour les aider. Que ce soit dans le domaine du num\u00e9rique ou du d\u00e9veloppement personnel, chacun peut, \u00e0 un moment de sa [&hellip;]<\/p>\n","protected":false},"author":1,"featured_media":0,"parent":0,"menu_order":0,"comment_status":"closed","ping_status":"closed","template":"","meta":{"_et_pb_use_builder":"on","_et_pb_old_content":"","_et_gb_content_width":"","footnotes":""},"class_list":["post-359","page","type-page","status-publish","hentry"],"yoast_head":"<!-- This site is optimized with the Yoast SEO plugin v26.0 - https:\/\/yoast.com\/wordpress\/plugins\/seo\/ -->\n<title>Institut Kovi Formation -<\/title>\n<meta name=\"description\" content=\"D\u00e9couvrez notre engagement et nos offres sur-mesure pour les besoins de formation de votre entreprise ou votre organisation locale.\" \/>\n<meta name=\"robots\" content=\"index, follow, max-snippet:-1, max-image-preview:large, max-video-preview:-1\" \/>\n<link rel=\"canonical\" href=\"https:\/\/institut-kovi.com\/index.php\/offres-formations\/\" \/>\n<meta property=\"og:locale\" content=\"fr_FR\" \/>\n<meta property=\"og:type\" content=\"article\" \/>\n<meta property=\"og:title\" content=\"Institut Kovi Formation -\" \/>\n<meta property=\"og:description\" content=\"D\u00e9couvrez notre engagement et nos offres sur-mesure pour les besoins de formation de votre entreprise ou votre organisation locale.\" \/>\n<meta property=\"og:url\" content=\"https:\/\/institut-kovi.com\/index.php\/offres-formations\/\" \/>\n<meta property=\"og:site_name\" content=\"Institut Kovi Formation\" \/>\n<meta property=\"article:modified_time\" content=\"2025-08-11T15:57:32+00:00\" \/>\n<meta name=\"twitter:card\" content=\"summary_large_image\" \/>\n<meta name=\"twitter:label1\" content=\"Dur\u00e9e de lecture estim\u00e9e\" \/>\n\t<meta name=\"twitter:data1\" content=\"3 minutes\" \/>\n<script type=\"application\/ld+json\" class=\"yoast-schema-graph\">{\"@context\":\"https:\/\/schema.org\",\"@graph\":[{\"@type\":\"WebPage\",\"@id\":\"https:\/\/institut-kovi.com\/index.php\/offres-formations\/\",\"url\":\"https:\/\/institut-kovi.com\/index.php\/offres-formations\/\",\"name\":\"Institut Kovi Formation -\",\"isPartOf\":{\"@id\":\"https:\/\/institut-kovi.com\/#website\"},\"datePublished\":\"2025-01-18T15:43:30+00:00\",\"dateModified\":\"2025-08-11T15:57:32+00:00\",\"description\":\"D\u00e9couvrez notre engagement et nos offres sur-mesure pour les besoins de formation de votre entreprise ou votre organisation locale.\",\"breadcrumb\":{\"@id\":\"https:\/\/institut-kovi.com\/index.php\/offres-formations\/#breadcrumb\"},\"inLanguage\":\"fr-FR\",\"potentialAction\":[{\"@type\":\"ReadAction\",\"target\":[\"https:\/\/institut-kovi.com\/index.php\/offres-formations\/\"]}]},{\"@type\":\"BreadcrumbList\",\"@id\":\"https:\/\/institut-kovi.com\/index.php\/offres-formations\/#breadcrumb\",\"itemListElement\":[{\"@type\":\"ListItem\",\"position\":1,\"name\":\"Accueil\",\"item\":\"https:\/\/institut-kovi.com\/\"},{\"@type\":\"ListItem\",\"position\":2,\"name\":\"Nos offres\"}]},{\"@type\":\"WebSite\",\"@id\":\"https:\/\/institut-kovi.com\/#website\",\"url\":\"https:\/\/institut-kovi.com\/\",\"name\":\"Institut Kovi Formation\",\"description\":\"Accompagner le d\u00e9veloppement de vos comp\u00e9tences\",\"publisher\":{\"@id\":\"https:\/\/institut-kovi.com\/#organization\"},\"potentialAction\":[{\"@type\":\"SearchAction\",\"target\":{\"@type\":\"EntryPoint\",\"urlTemplate\":\"https:\/\/institut-kovi.com\/?s={search_term_string}\"},\"query-input\":{\"@type\":\"PropertyValueSpecification\",\"valueRequired\":true,\"valueName\":\"search_term_string\"}}],\"inLanguage\":\"fr-FR\"},{\"@type\":\"Organization\",\"@id\":\"https:\/\/institut-kovi.com\/#organization\",\"name\":\"Institut Kovi Formation\",\"url\":\"https:\/\/institut-kovi.com\/\",\"logo\":{\"@type\":\"ImageObject\",\"inLanguage\":\"fr-FR\",\"@id\":\"https:\/\/institut-kovi.com\/#\/schema\/logo\/image\/\",\"url\":\"https:\/\/institut-kovi.com\/wp-content\/uploads\/2025\/04\/logo-Institut-kovi-removebg-preview-1.png\",\"contentUrl\":\"https:\/\/institut-kovi.com\/wp-content\/uploads\/2025\/04\/logo-Institut-kovi-removebg-preview-1.png\",\"width\":495,\"height\":362,\"caption\":\"Institut Kovi Formation\"},\"image\":{\"@id\":\"https:\/\/institut-kovi.com\/#\/schema\/logo\/image\/\"},\"sameAs\":[\"https:\/\/www.linkedin.com\/in\/fabricekuakuvi\/\"]}]}<\/script>\n<!-- \/ Yoast SEO plugin. -->","yoast_head_json":{"title":"Institut Kovi Formation -","description":"D\u00e9couvrez notre engagement et nos offres sur-mesure pour les besoins de formation de votre entreprise ou votre organisation locale.","robots":{"index":"index","follow":"follow","max-snippet":"max-snippet:-1","max-image-preview":"max-image-preview:large","max-video-preview":"max-video-preview:-1"},"canonical":"https:\/\/institut-kovi.com\/index.php\/offres-formations\/","og_locale":"fr_FR","og_type":"article","og_title":"Institut Kovi Formation -","og_description":"D\u00e9couvrez notre engagement et nos offres sur-mesure pour les besoins de formation de votre entreprise ou votre organisation locale.","og_url":"https:\/\/institut-kovi.com\/index.php\/offres-formations\/","og_site_name":"Institut Kovi Formation","article_modified_time":"2025-08-11T15:57:32+00:00","twitter_card":"summary_large_image","twitter_misc":{"Dur\u00e9e de lecture estim\u00e9e":"3 minutes"},"schema":{"@context":"https:\/\/schema.org","@graph":[{"@type":"WebPage","@id":"https:\/\/institut-kovi.com\/index.php\/offres-formations\/","url":"https:\/\/institut-kovi.com\/index.php\/offres-formations\/","name":"Institut Kovi Formation -","isPartOf":{"@id":"https:\/\/institut-kovi.com\/#website"},"datePublished":"2025-01-18T15:43:30+00:00","dateModified":"2025-08-11T15:57:32+00:00","description":"D\u00e9couvrez notre engagement et nos offres sur-mesure pour les besoins de formation de votre entreprise ou votre organisation locale.","breadcrumb":{"@id":"https:\/\/institut-kovi.com\/index.php\/offres-formations\/#breadcrumb"},"inLanguage":"fr-FR","potentialAction":[{"@type":"ReadAction","target":["https:\/\/institut-kovi.com\/index.php\/offres-formations\/"]}]},{"@type":"BreadcrumbList","@id":"https:\/\/institut-kovi.com\/index.php\/offres-formations\/#breadcrumb","itemListElement":[{"@type":"ListItem","position":1,"name":"Accueil","item":"https:\/\/institut-kovi.com\/"},{"@type":"ListItem","position":2,"name":"Nos offres"}]},{"@type":"WebSite","@id":"https:\/\/institut-kovi.com\/#website","url":"https:\/\/institut-kovi.com\/","name":"Institut Kovi Formation","description":"Accompagner le d\u00e9veloppement de vos comp\u00e9tences","publisher":{"@id":"https:\/\/institut-kovi.com\/#organization"},"potentialAction":[{"@type":"SearchAction","target":{"@type":"EntryPoint","urlTemplate":"https:\/\/institut-kovi.com\/?s={search_term_string}"},"query-input":{"@type":"PropertyValueSpecification","valueRequired":true,"valueName":"search_term_string"}}],"inLanguage":"fr-FR"},{"@type":"Organization","@id":"https:\/\/institut-kovi.com\/#organization","name":"Institut Kovi Formation","url":"https:\/\/institut-kovi.com\/","logo":{"@type":"ImageObject","inLanguage":"fr-FR","@id":"https:\/\/institut-kovi.com\/#\/schema\/logo\/image\/","url":"https:\/\/institut-kovi.com\/wp-content\/uploads\/2025\/04\/logo-Institut-kovi-removebg-preview-1.png","contentUrl":"https:\/\/institut-kovi.com\/wp-content\/uploads\/2025\/04\/logo-Institut-kovi-removebg-preview-1.png","width":495,"height":362,"caption":"Institut Kovi Formation"},"image":{"@id":"https:\/\/institut-kovi.com\/#\/schema\/logo\/image\/"},"sameAs":["https:\/\/www.linkedin.com\/in\/fabricekuakuvi\/"]}]}},"_links":{"self":[{"href":"https:\/\/institut-kovi.com\/index.php\/wp-json\/wp\/v2\/pages\/359","targetHints":{"allow":["GET"]}}],"collection":[{"href":"https:\/\/institut-kovi.com\/index.php\/wp-json\/wp\/v2\/pages"}],"about":[{"href":"https:\/\/institut-kovi.com\/index.php\/wp-json\/wp\/v2\/types\/page"}],"author":[{"embeddable":true,"href":"https:\/\/institut-kovi.com\/index.php\/wp-json\/wp\/v2\/users\/1"}],"replies":[{"embeddable":true,"href":"https:\/\/institut-kovi.com\/index.php\/wp-json\/wp\/v2\/comments?post=359"}],"version-history":[{"count":116,"href":"https:\/\/institut-kovi.com\/index.php\/wp-json\/wp\/v2\/pages\/359\/revisions"}],"predecessor-version":[{"id":226454,"href":"https:\/\/institut-kovi.com\/index.php\/wp-json\/wp\/v2\/pages\/359\/revisions\/226454"}],"wp:attachment":[{"href":"https:\/\/institut-kovi.com\/index.php\/wp-json\/wp\/v2\/media?parent=359"}],"curies":[{"name":"wp","href":"https:\/\/api.w.org\/{rel}","templated":true}]}}