{"id":617,"date":"2025-04-17T10:22:33","date_gmt":"2025-04-17T08:22:33","guid":{"rendered":"https:\/\/institut-kovi.com\/?page_id=617"},"modified":"2025-08-11T16:04:18","modified_gmt":"2025-08-11T14:04:18","slug":"formation-pour-les-particuliers-et-les-associations","status":"publish","type":"page","link":"https:\/\/institut-kovi.com\/index.php\/formation-pour-les-particuliers-et-les-associations\/","title":{"rendered":"Pour les particuliers et les associations"},"content":{"rendered":"<p>[et_pb_section fb_built=\u00a0\u00bb1&Prime; custom_padding_last_edited=\u00a0\u00bbon|phone\u00a0\u00bb _builder_version=\u00a0\u00bb4.27.4&Prime; _module_preset=\u00a0\u00bbdefault\u00a0\u00bb background_image=\u00a0\u00bbhttps:\/\/institut-kovi.com\/wp-content\/uploads\/2025\/06\/formation-en-milieur-associatif-scaled.jpg\u00a0\u00bb custom_padding=\u00a0\u00bb330px||330px||true|false\u00a0\u00bb custom_padding_tablet=\u00a0\u00bb330px||330px||true|false\u00a0\u00bb custom_padding_phone=\u00a0\u00bb150px||150px||true|false\u00a0\u00bb hover_enabled=\u00a0\u00bb0&Prime; background_last_edited=\u00a0\u00bbon|phone\u00a0\u00bb global_colors_info=\u00a0\u00bb{}\u00a0\u00bb custom_margin=\u00a0\u00bb125px||||false|false\u00a0\u00bb sticky_enabled=\u00a0\u00bb0&Prime;][\/et_pb_section][et_pb_section fb_built=\u00a0\u00bb1&Prime; _builder_version=\u00a0\u00bb4.27.4&Prime; _module_preset=\u00a0\u00bbdefault\u00a0\u00bb global_colors_info=\u00a0\u00bb{}\u00a0\u00bb][et_pb_row _builder_version=\u00a0\u00bb4.27.4&Prime; _module_preset=\u00a0\u00bbdefault\u00a0\u00bb animation_style=\u00a0\u00bbslide\u00a0\u00bb global_colors_info=\u00a0\u00bb{}\u00a0\u00bb][et_pb_column type=\u00a0\u00bb4_4&Prime; _builder_version=\u00a0\u00bb4.27.4&Prime; _module_preset=\u00a0\u00bbdefault\u00a0\u00bb global_colors_info=\u00a0\u00bb{}\u00a0\u00bb][et_pb_text admin_label=\u00a0\u00bbH1&Prime; _builder_version=\u00a0\u00bb4.27.4&Prime; _module_preset=\u00a0\u00bbdefault\u00a0\u00bb text_font=\u00a0\u00bb&#8211;et_global_heading_font||||||||\u00a0\u00bb text_text_color=\u00a0\u00bb#022b83&Prime; header_font=\u00a0\u00bb&#8211;et_global_heading_font||||||||\u00a0\u00bb header_text_align=\u00a0\u00bbcenter\u00a0\u00bb header_text_color=\u00a0\u00bb#022b83&Prime; header_font_size=\u00a0\u00bb40px\u00a0\u00bb global_colors_info=\u00a0\u00bb{}\u00a0\u00bb]<\/p>\n<h1 style=\"text-align: center;\"><strong>Pour les particuliers et les associations<\/strong><\/h1>\n<p>[\/et_pb_text][\/et_pb_column][\/et_pb_row][et_pb_row column_structure=\u00a0\u00bb1_2,1_2&Prime; _builder_version=\u00a0\u00bb4.27.4&Prime; _module_preset=\u00a0\u00bbdefault\u00a0\u00bb global_colors_info=\u00a0\u00bb{}\u00a0\u00bb][et_pb_column type=\u00a0\u00bb1_2&Prime; _builder_version=\u00a0\u00bb4.27.4&Prime; _module_preset=\u00a0\u00bbdefault\u00a0\u00bb global_colors_info=\u00a0\u00bb{}\u00a0\u00bb][et_pb_text _builder_version=\u00a0\u00bb4.27.4&Prime; _module_preset=\u00a0\u00bbdefault\u00a0\u00bb text_font=\u00a0\u00bb&#8211;et_global_heading_font|300|||||||\u00a0\u00bb text_text_color=\u00a0\u00bb#022B83&Prime; text_line_height=\u00a0\u00bb1.8em\u00a0\u00bb custom_padding=\u00a0\u00bb||0px|||\u00a0\u00bb global_colors_info=\u00a0\u00bb{}\u00a0\u00bb]<\/p>\n<p><span style=\"color: #010101;\"><span style=\"font-weight: 400;\">\u00a0<strong><span style=\"color: #000080;\">Des ateliers pour transformer et am\u00e9liorer votre quotidien :<\/span><\/strong><\/span><\/span><\/p>\n<p>[\/et_pb_text][et_pb_text _builder_version=\u00a0\u00bb4.27.4&Prime; _module_preset=\u00a0\u00bbdefault\u00a0\u00bb text_font=\u00a0\u00bb&#8211;et_global_heading_font|300|||||||\u00a0\u00bb text_font_size=\u00a0\u00bb16px\u00a0\u00bb text_line_height=\u00a0\u00bb1.6em\u00a0\u00bb custom_padding=\u00a0\u00bb||0px|||\u00a0\u00bb global_colors_info=\u00a0\u00bb{}\u00a0\u00bb]<\/p>\n<p><span style=\"font-weight: 400; color: #000000;\">Am\u00e9liorez votre usage du num\u00e9rique et d\u00e9veloppez vos potentiels en pr\u00e9sentiel ou en distanciel.<\/span><\/p>\n<p>[\/et_pb_text][\/et_pb_column][et_pb_column type=\u00a0\u00bb1_2&Prime; _builder_version=\u00a0\u00bb4.27.4&Prime; _module_preset=\u00a0\u00bbdefault\u00a0\u00bb global_colors_info=\u00a0\u00bb{}\u00a0\u00bb][et_pb_image src=\u00a0\u00bbhttps:\/\/institut-kovi.com\/wp-content\/uploads\/2025\/06\/apprendre-formation-competence-progression-personnelle-scaled.jpg\u00a0\u00bb alt=\u00a0\u00bbformation pour les particuliers\u00a0\u00bb title_text=\u00a0\u00bbFormation pour les particuliers\u00a0\u00bb _builder_version=\u00a0\u00bb4.27.4&Prime; _module_preset=\u00a0\u00bbdefault\u00a0\u00bb custom_padding=\u00a0\u00bb||0px|||\u00a0\u00bb border_radii=\u00a0\u00bboff|22px|22px|22px|22px\u00a0\u00bb border_width_all=\u00a0\u00bb7px\u00a0\u00bb border_color_all=\u00a0\u00bb#FDDA44&Prime; global_colors_info=\u00a0\u00bb{}\u00a0\u00bb][\/et_pb_image][\/et_pb_column][\/et_pb_row][et_pb_row _builder_version=\u00a0\u00bb4.27.4&Prime; _module_preset=\u00a0\u00bbdefault\u00a0\u00bb global_colors_info=\u00a0\u00bb{}\u00a0\u00bb][et_pb_column type=\u00a0\u00bb4_4&Prime; _builder_version=\u00a0\u00bb4.27.4&Prime; _module_preset=\u00a0\u00bbdefault\u00a0\u00bb global_colors_info=\u00a0\u00bb{}\u00a0\u00bb][\/et_pb_column][\/et_pb_row][et_pb_row column_structure=\u00a0\u00bb1_2,1_2&Prime; _builder_version=\u00a0\u00bb4.27.4&Prime; _module_preset=\u00a0\u00bbdefault\u00a0\u00bb global_colors_info=\u00a0\u00bb{}\u00a0\u00bb][et_pb_column type=\u00a0\u00bb1_2&Prime; _builder_version=\u00a0\u00bb4.27.4&Prime; _module_preset=\u00a0\u00bbdefault\u00a0\u00bb global_colors_info=\u00a0\u00bb{}\u00a0\u00bb][dsm_perspective_image src=\u00a0\u00bbhttps:\/\/institut-kovi.com\/wp-content\/uploads\/2025\/05\/particuliers-pro-formation-tout-age-scaled.webp\u00a0\u00bb alt=\u00a0\u00bbUn groupe de s\u00e9nior pendant un atelier num\u00e9rique\u00a0\u00bb title_text=\u00a0\u00bbUn groupe de s\u00e9nior pendant un atelier num\u00e9rique\u00a0\u00bb _builder_version=\u00a0\u00bb4.27.4&Prime; _module_preset=\u00a0\u00bbdefault\u00a0\u00bb border_radii=\u00a0\u00bbon|22px|22px|22px|22px\u00a0\u00bb border_width_all=\u00a0\u00bb7px\u00a0\u00bb border_color_all=\u00a0\u00bb#FA65C4&Prime; global_colors_info=\u00a0\u00bb{}\u00a0\u00bb][\/dsm_perspective_image][\/et_pb_column][et_pb_column type=\u00a0\u00bb1_2&Prime; _builder_version=\u00a0\u00bb4.27.4&Prime; _module_preset=\u00a0\u00bbdefault\u00a0\u00bb global_colors_info=\u00a0\u00bb{}\u00a0\u00bb][et_pb_text _builder_version=\u00a0\u00bb4.27.4&Prime; _module_preset=\u00a0\u00bbdefault\u00a0\u00bb text_font=\u00a0\u00bb&#8211;et_global_heading_font||||||||\u00a0\u00bb text_text_color=\u00a0\u00bb#022B83&Prime; text_line_height=\u00a0\u00bb1.8em\u00a0\u00bb global_colors_info=\u00a0\u00bb{}\u00a0\u00bb]<\/p>\n<p><strong>Quelles sont vos attentes en mati\u00e8re d\u2019ateliers num\u00e9riques et d\u00e9veloppement personnel ?<\/strong><\/p>\n<p>[\/et_pb_text][et_pb_text _builder_version=\u00a0\u00bb4.27.4&Prime; _module_preset=\u00a0\u00bbdefault\u00a0\u00bb text_font=\u00a0\u00bb&#8211;et_global_heading_font|300|||||||\u00a0\u00bb text_text_color=\u00a0\u00bb#010101&Prime; text_font_size=\u00a0\u00bb16px\u00a0\u00bb text_line_height=\u00a0\u00bb1.6em\u00a0\u00bb custom_padding=\u00a0\u00bb||0px|||\u00a0\u00bb global_colors_info=\u00a0\u00bb{}\u00a0\u00bb]<\/p>\n<p><span style=\"font-weight: 400;\">Vous souhaitez passer au num\u00e9rique et vous am\u00e9liorez dans l\u2019utilisation des outils num\u00e9riques ?<\/span><\/p>\n<p><span style=\"font-weight: 400;\">Vous souhaitez avoir un quotidien plus heureux et plus harmonieux en vous am\u00e9liorant au plan personnel ?<\/span><\/p>\n<p><span style=\"font-weight: 400;\">Institut Kovi vous propose des ateliers pour vous faire progresser en ma\u00eetrisant\u00a0 vos connaissances num\u00e9riques et soft-skills. <\/span><\/p>\n<p>[\/et_pb_text][\/et_pb_column][\/et_pb_row][et_pb_row _builder_version=\u00a0\u00bb4.27.4&Prime; _module_preset=\u00a0\u00bbdefault\u00a0\u00bb global_colors_info=\u00a0\u00bb{}\u00a0\u00bb][et_pb_column type=\u00a0\u00bb4_4&Prime; _builder_version=\u00a0\u00bb4.27.4&Prime; _module_preset=\u00a0\u00bbdefault\u00a0\u00bb global_colors_info=\u00a0\u00bb{}\u00a0\u00bb][et_pb_text _builder_version=\u00a0\u00bb4.27.4&Prime; _module_preset=\u00a0\u00bbdefault\u00a0\u00bb text_font=\u00a0\u00bb&#8211;et_global_heading_font|300|||||||\u00a0\u00bb text_text_color=\u00a0\u00bb#010101&Prime; text_font_size=\u00a0\u00bb16px\u00a0\u00bb text_line_height=\u00a0\u00bb1.6em\u00a0\u00bb custom_padding=\u00a0\u00bb||0px|||\u00a0\u00bb global_colors_info=\u00a0\u00bb{}\u00a0\u00bb]<\/p>\n<p><span style=\"font-weight: 400;\">Nous vous aidons \u00e0\u00a0 :\u00a0<\/span><\/p>\n<ul>\n<li style=\"font-weight: 400;\" aria-level=\"1\"><span style=\"font-weight: 400;\">D\u00e9velopper des savoir-faire pratiques num\u00e9riques \u00e0 exploiter dans votre quotidien (d\u00e9marches administratives, communication \u00e0 distance avec vos proches, etc.\u00a0<\/span><\/li>\n<li style=\"font-weight: 400;\" aria-level=\"1\"><span style=\"font-weight: 400;\">Ma\u00eetriser des comp\u00e9tences en intelligence \u00e9motionnelle et en d\u00e9veloppement personnel<\/span><\/li>\n<li style=\"font-weight: 400;\" aria-level=\"1\"><span style=\"font-weight: 400;\">Vous approprier des astuces pratiques pour ma\u00eetriser vos finances personnelles<\/span><\/li>\n<\/ul>\n<p>&nbsp;<\/p>\n<p>[\/et_pb_text][\/et_pb_column][\/et_pb_row][et_pb_row column_structure=\u00a0\u00bb1_2,1_2&Prime; _builder_version=\u00a0\u00bb4.27.4&Prime; _module_preset=\u00a0\u00bbdefault\u00a0\u00bb global_colors_info=\u00a0\u00bb{}\u00a0\u00bb][et_pb_column type=\u00a0\u00bb1_2&Prime; _builder_version=\u00a0\u00bb4.27.4&Prime; _module_preset=\u00a0\u00bbdefault\u00a0\u00bb global_colors_info=\u00a0\u00bb{}\u00a0\u00bb][et_pb_text _builder_version=\u00a0\u00bb4.27.4&Prime; _module_preset=\u00a0\u00bbdefault\u00a0\u00bb text_font=\u00a0\u00bb&#8211;et_global_heading_font||||||||\u00a0\u00bb text_text_color=\u00a0\u00bb#022B83&Prime; text_line_height=\u00a0\u00bb1.8em\u00a0\u00bb global_colors_info=\u00a0\u00bb{}\u00a0\u00bb]<\/p>\n<p><strong>Voici quelques sujets d\u2019apprentissage lors de nos ateliers:<\/strong><\/p>\n<p>[\/et_pb_text][et_pb_text _builder_version=\u00a0\u00bb4.27.4&Prime; _module_preset=\u00a0\u00bbdefault\u00a0\u00bb text_font=\u00a0\u00bb&#8211;et_global_heading_font|300|||||||\u00a0\u00bb text_text_color=\u00a0\u00bb#010101&Prime; text_font_size=\u00a0\u00bb16px\u00a0\u00bb text_line_height=\u00a0\u00bb1.6em\u00a0\u00bb custom_padding=\u00a0\u00bb||0px|||\u00a0\u00bb global_colors_info=\u00a0\u00bb{}\u00a0\u00bb]<\/p>\n<ul>\n<li style=\"font-weight: 400;\" aria-level=\"1\"><span style=\"font-weight: 400;\">Prenez en main les outils num\u00e9riques<\/span><\/li>\n<li style=\"font-weight: 400;\" aria-level=\"1\"><span style=\"font-weight: 400;\">D\u00e9couvrez les services administratifs en ligne<\/span><\/li>\n<li style=\"font-weight: 400;\" aria-level=\"1\"><span style=\"font-weight: 400;\">Apprenez \u00e0 utiliser les outils de communication<\/span><\/li>\n<li style=\"font-weight: 400;\" aria-level=\"1\"><span style=\"font-weight: 400;\">Apprenez \u00e0 mieux vous conna\u00eetre<\/span><\/li>\n<li style=\"font-weight: 400;\" aria-level=\"1\"><span style=\"font-weight: 400;\">D\u00e9veloppez des comp\u00e9tences pour entreprendre<\/span><\/li>\n<\/ul>\n<p>&nbsp;<\/p>\n<p>[\/et_pb_text][\/et_pb_column][et_pb_column type=\u00a0\u00bb1_2&Prime; _builder_version=\u00a0\u00bb4.27.4&Prime; _module_preset=\u00a0\u00bbdefault\u00a0\u00bb global_colors_info=\u00a0\u00bb{}\u00a0\u00bb][et_pb_image src=\u00a0\u00bbhttps:\/\/institut-kovi.com\/wp-content\/uploads\/2025\/05\/developpement-personnel-formation-seine-et-marne.webp\u00a0\u00bb alt=\u00a0\u00bbune formatrice qui travaille sur de l&rsquo;administratif\u00a0\u00bb title_text=\u00a0\u00bbune formatrice qui travaille sur de l&rsquo;administratif\u00a0\u00bb _builder_version=\u00a0\u00bb4.27.4&Prime; _module_preset=\u00a0\u00bbdefault\u00a0\u00bb border_radii=\u00a0\u00bbon|22px|22px|22px|22px\u00a0\u00bb border_width_all=\u00a0\u00bb7px\u00a0\u00bb border_color_all=\u00a0\u00bb#FB914D\u00a0\u00bb global_colors_info=\u00a0\u00bb{}\u00a0\u00bb][\/et_pb_image][\/et_pb_column][\/et_pb_row][\/et_pb_section][et_pb_section fb_built=\u00a0\u00bb1&Prime; _builder_version=\u00a0\u00bb4.27.4&Prime; _module_preset=\u00a0\u00bbdefault\u00a0\u00bb global_colors_info=\u00a0\u00bb{}\u00a0\u00bb][et_pb_row _builder_version=\u00a0\u00bb4.27.4&Prime; _module_preset=\u00a0\u00bbdefault\u00a0\u00bb global_colors_info=\u00a0\u00bb{}\u00a0\u00bb][et_pb_column type=\u00a0\u00bb4_4&Prime; _builder_version=\u00a0\u00bb4.27.4&Prime; _module_preset=\u00a0\u00bbdefault\u00a0\u00bb global_colors_info=\u00a0\u00bb{}\u00a0\u00bb][et_pb_button button_url=\u00a0\u00bbhttps:\/\/institut-kovi.com\/index.php\/nos-formations\/\u00a0\u00bb button_text=\u00a0\u00bbEn savoir +\u00a0\u00bb button_alignment=\u00a0\u00bbcenter\u00a0\u00bb _builder_version=\u00a0\u00bb4.27.4&Prime; _module_preset=\u00a0\u00bbdefault\u00a0\u00bb custom_button=\u00a0\u00bbon\u00a0\u00bb button_text_size=\u00a0\u00bb16px\u00a0\u00bb button_text_color=\u00a0\u00bb#FFFFFF\u00a0\u00bb button_bg_color=\u00a0\u00bb#022b83&Prime; button_border_width=\u00a0\u00bb0px\u00a0\u00bb button_border_radius=\u00a0\u00bb20px\u00a0\u00bb button_letter_spacing=\u00a0\u00bb1px\u00a0\u00bb button_font=\u00a0\u00bb|700|||||||\u00a0\u00bb custom_padding=\u00a0\u00bb14px|34px|14px|34px|true|false\u00a0\u00bb animation_style=\u00a0\u00bbzoom\u00a0\u00bb global_colors_info=\u00a0\u00bb{}\u00a0\u00bb button_letter_spacing__hover=\u00a0\u00bb1px\u00a0\u00bb button_letter_spacing__hover_enabled=\u00a0\u00bbon\u00a0\u00bb][\/et_pb_button][\/et_pb_column][\/et_pb_row][\/et_pb_section]<\/p>\n","protected":false},"excerpt":{"rendered":"<p>Pour les particuliers et les associations\u00a0Des ateliers pour transformer et am\u00e9liorer votre quotidien :Am\u00e9liorez votre usage du num\u00e9rique et d\u00e9veloppez vos potentiels en pr\u00e9sentiel ou en distanciel.<div class=\"et_pb_with_border et_pb_module dsm_perspective_image dsm_perspective_image_0\">\n\t\t\t\t\n\t\t\t\t\n\t\t\t\t\n\t\t\t\t\n\t\t\t\t\n\t\t\t\t\n\t\t\t\t<div class=\"et_pb_module_inner\">\n\t\t\t\t\t<div class=\"dsm-perspective-image-wrapper et_always_center_on_mobile\">\n\t\t\t\t\n\t\t\t\t\n\t\t\t\t<span class=\"et_pb_image_wrap \"><img decoding=\"async\" src=\"https:\/\/institut-kovi.com\/wp-content\/uploads\/2025\/05\/particuliers-pro-formation-tout-age-scaled.webp\" alt=\"Un groupe de s\u00e9nior pendant un atelier num\u00e9rique\" title=\"Un groupe de s\u00e9nior pendant un atelier num\u00e9rique\" \/><\/span>\n\t\t\t<\/div>\n\t\t\t\t<\/div>\n\t\t\t<\/div>Quelles sont vos attentes en mati\u00e8re [&hellip;]<\/p>\n","protected":false},"author":4,"featured_media":0,"parent":0,"menu_order":0,"comment_status":"closed","ping_status":"closed","template":"","meta":{"_et_pb_use_builder":"on","_et_pb_old_content":"<!-- wp:divi\/placeholder \/-->","_et_gb_content_width":"","footnotes":""},"class_list":["post-617","page","type-page","status-publish","hentry"],"yoast_head":"<!-- This site is optimized with the Yoast SEO plugin v26.0 - https:\/\/yoast.com\/wordpress\/plugins\/seo\/ -->\n<title>Institut Kovi Formation -<\/title>\n<meta name=\"description\" content=\"Des formations pour les particuliers : am\u00e9liorez votre usage du num\u00e9rique et d\u00e9veloppez vos potentiels en pr\u00e9sentiel ou en distanciel.\" \/>\n<meta name=\"robots\" content=\"index, follow, max-snippet:-1, max-image-preview:large, max-video-preview:-1\" \/>\n<link rel=\"canonical\" href=\"https:\/\/institut-kovi.com\/index.php\/formation-pour-les-particuliers-et-les-associations\/\" \/>\n<meta property=\"og:locale\" content=\"fr_FR\" \/>\n<meta property=\"og:type\" content=\"article\" \/>\n<meta property=\"og:title\" content=\"Institut Kovi Formation -\" \/>\n<meta property=\"og:description\" content=\"Des formations pour les particuliers : am\u00e9liorez votre usage du num\u00e9rique et d\u00e9veloppez vos potentiels en pr\u00e9sentiel ou en distanciel.\" \/>\n<meta property=\"og:url\" content=\"https:\/\/institut-kovi.com\/index.php\/formation-pour-les-particuliers-et-les-associations\/\" \/>\n<meta property=\"og:site_name\" content=\"Institut Kovi Formation\" \/>\n<meta property=\"article:modified_time\" content=\"2025-08-11T14:04:18+00:00\" \/>\n<meta name=\"twitter:card\" content=\"summary_large_image\" \/>\n<meta name=\"twitter:label1\" content=\"Dur\u00e9e de lecture estim\u00e9e\" \/>\n\t<meta name=\"twitter:data1\" content=\"2 minutes\" \/>\n<script type=\"application\/ld+json\" class=\"yoast-schema-graph\">{\"@context\":\"https:\/\/schema.org\",\"@graph\":[{\"@type\":\"WebPage\",\"@id\":\"https:\/\/institut-kovi.com\/index.php\/formation-pour-les-particuliers-et-les-associations\/\",\"url\":\"https:\/\/institut-kovi.com\/index.php\/formation-pour-les-particuliers-et-les-associations\/\",\"name\":\"Institut Kovi Formation -\",\"isPartOf\":{\"@id\":\"https:\/\/institut-kovi.com\/#website\"},\"datePublished\":\"2025-04-17T08:22:33+00:00\",\"dateModified\":\"2025-08-11T14:04:18+00:00\",\"description\":\"Des formations pour les particuliers : am\u00e9liorez votre usage du num\u00e9rique et d\u00e9veloppez vos potentiels en pr\u00e9sentiel ou en distanciel.\",\"breadcrumb\":{\"@id\":\"https:\/\/institut-kovi.com\/index.php\/formation-pour-les-particuliers-et-les-associations\/#breadcrumb\"},\"inLanguage\":\"fr-FR\",\"potentialAction\":[{\"@type\":\"ReadAction\",\"target\":[\"https:\/\/institut-kovi.com\/index.php\/formation-pour-les-particuliers-et-les-associations\/\"]}]},{\"@type\":\"BreadcrumbList\",\"@id\":\"https:\/\/institut-kovi.com\/index.php\/formation-pour-les-particuliers-et-les-associations\/#breadcrumb\",\"itemListElement\":[{\"@type\":\"ListItem\",\"position\":1,\"name\":\"Accueil\",\"item\":\"https:\/\/institut-kovi.com\/\"},{\"@type\":\"ListItem\",\"position\":2,\"name\":\"Pour les particuliers et les associations\"}]},{\"@type\":\"WebSite\",\"@id\":\"https:\/\/institut-kovi.com\/#website\",\"url\":\"https:\/\/institut-kovi.com\/\",\"name\":\"Institut Kovi Formation\",\"description\":\"Accompagner le d\u00e9veloppement de vos comp\u00e9tences\",\"publisher\":{\"@id\":\"https:\/\/institut-kovi.com\/#organization\"},\"potentialAction\":[{\"@type\":\"SearchAction\",\"target\":{\"@type\":\"EntryPoint\",\"urlTemplate\":\"https:\/\/institut-kovi.com\/?s={search_term_string}\"},\"query-input\":{\"@type\":\"PropertyValueSpecification\",\"valueRequired\":true,\"valueName\":\"search_term_string\"}}],\"inLanguage\":\"fr-FR\"},{\"@type\":\"Organization\",\"@id\":\"https:\/\/institut-kovi.com\/#organization\",\"name\":\"Institut Kovi Formation\",\"url\":\"https:\/\/institut-kovi.com\/\",\"logo\":{\"@type\":\"ImageObject\",\"inLanguage\":\"fr-FR\",\"@id\":\"https:\/\/institut-kovi.com\/#\/schema\/logo\/image\/\",\"url\":\"https:\/\/institut-kovi.com\/wp-content\/uploads\/2025\/04\/logo-Institut-kovi-removebg-preview-1.png\",\"contentUrl\":\"https:\/\/institut-kovi.com\/wp-content\/uploads\/2025\/04\/logo-Institut-kovi-removebg-preview-1.png\",\"width\":495,\"height\":362,\"caption\":\"Institut Kovi Formation\"},\"image\":{\"@id\":\"https:\/\/institut-kovi.com\/#\/schema\/logo\/image\/\"},\"sameAs\":[\"https:\/\/www.linkedin.com\/in\/fabricekuakuvi\/\"]}]}<\/script>\n<!-- \/ Yoast SEO plugin. -->","yoast_head_json":{"title":"Institut Kovi Formation -","description":"Des formations pour les particuliers : am\u00e9liorez votre usage du num\u00e9rique et d\u00e9veloppez vos potentiels en pr\u00e9sentiel ou en distanciel.","robots":{"index":"index","follow":"follow","max-snippet":"max-snippet:-1","max-image-preview":"max-image-preview:large","max-video-preview":"max-video-preview:-1"},"canonical":"https:\/\/institut-kovi.com\/index.php\/formation-pour-les-particuliers-et-les-associations\/","og_locale":"fr_FR","og_type":"article","og_title":"Institut Kovi Formation -","og_description":"Des formations pour les particuliers : am\u00e9liorez votre usage du num\u00e9rique et d\u00e9veloppez vos potentiels en pr\u00e9sentiel ou en distanciel.","og_url":"https:\/\/institut-kovi.com\/index.php\/formation-pour-les-particuliers-et-les-associations\/","og_site_name":"Institut Kovi Formation","article_modified_time":"2025-08-11T14:04:18+00:00","twitter_card":"summary_large_image","twitter_misc":{"Dur\u00e9e de lecture estim\u00e9e":"2 minutes"},"schema":{"@context":"https:\/\/schema.org","@graph":[{"@type":"WebPage","@id":"https:\/\/institut-kovi.com\/index.php\/formation-pour-les-particuliers-et-les-associations\/","url":"https:\/\/institut-kovi.com\/index.php\/formation-pour-les-particuliers-et-les-associations\/","name":"Institut Kovi Formation -","isPartOf":{"@id":"https:\/\/institut-kovi.com\/#website"},"datePublished":"2025-04-17T08:22:33+00:00","dateModified":"2025-08-11T14:04:18+00:00","description":"Des formations pour les particuliers : am\u00e9liorez votre usage du num\u00e9rique et d\u00e9veloppez vos potentiels en pr\u00e9sentiel ou en distanciel.","breadcrumb":{"@id":"https:\/\/institut-kovi.com\/index.php\/formation-pour-les-particuliers-et-les-associations\/#breadcrumb"},"inLanguage":"fr-FR","potentialAction":[{"@type":"ReadAction","target":["https:\/\/institut-kovi.com\/index.php\/formation-pour-les-particuliers-et-les-associations\/"]}]},{"@type":"BreadcrumbList","@id":"https:\/\/institut-kovi.com\/index.php\/formation-pour-les-particuliers-et-les-associations\/#breadcrumb","itemListElement":[{"@type":"ListItem","position":1,"name":"Accueil","item":"https:\/\/institut-kovi.com\/"},{"@type":"ListItem","position":2,"name":"Pour les particuliers et les associations"}]},{"@type":"WebSite","@id":"https:\/\/institut-kovi.com\/#website","url":"https:\/\/institut-kovi.com\/","name":"Institut Kovi Formation","description":"Accompagner le d\u00e9veloppement de vos comp\u00e9tences","publisher":{"@id":"https:\/\/institut-kovi.com\/#organization"},"potentialAction":[{"@type":"SearchAction","target":{"@type":"EntryPoint","urlTemplate":"https:\/\/institut-kovi.com\/?s={search_term_string}"},"query-input":{"@type":"PropertyValueSpecification","valueRequired":true,"valueName":"search_term_string"}}],"inLanguage":"fr-FR"},{"@type":"Organization","@id":"https:\/\/institut-kovi.com\/#organization","name":"Institut Kovi Formation","url":"https:\/\/institut-kovi.com\/","logo":{"@type":"ImageObject","inLanguage":"fr-FR","@id":"https:\/\/institut-kovi.com\/#\/schema\/logo\/image\/","url":"https:\/\/institut-kovi.com\/wp-content\/uploads\/2025\/04\/logo-Institut-kovi-removebg-preview-1.png","contentUrl":"https:\/\/institut-kovi.com\/wp-content\/uploads\/2025\/04\/logo-Institut-kovi-removebg-preview-1.png","width":495,"height":362,"caption":"Institut Kovi Formation"},"image":{"@id":"https:\/\/institut-kovi.com\/#\/schema\/logo\/image\/"},"sameAs":["https:\/\/www.linkedin.com\/in\/fabricekuakuvi\/"]}]}},"_links":{"self":[{"href":"https:\/\/institut-kovi.com\/index.php\/wp-json\/wp\/v2\/pages\/617","targetHints":{"allow":["GET"]}}],"collection":[{"href":"https:\/\/institut-kovi.com\/index.php\/wp-json\/wp\/v2\/pages"}],"about":[{"href":"https:\/\/institut-kovi.com\/index.php\/wp-json\/wp\/v2\/types\/page"}],"author":[{"embeddable":true,"href":"https:\/\/institut-kovi.com\/index.php\/wp-json\/wp\/v2\/users\/4"}],"replies":[{"embeddable":true,"href":"https:\/\/institut-kovi.com\/index.php\/wp-json\/wp\/v2\/comments?post=617"}],"version-history":[{"count":43,"href":"https:\/\/institut-kovi.com\/index.php\/wp-json\/wp\/v2\/pages\/617\/revisions"}],"predecessor-version":[{"id":226442,"href":"https:\/\/institut-kovi.com\/index.php\/wp-json\/wp\/v2\/pages\/617\/revisions\/226442"}],"wp:attachment":[{"href":"https:\/\/institut-kovi.com\/index.php\/wp-json\/wp\/v2\/media?parent=617"}],"curies":[{"name":"wp","href":"https:\/\/api.w.org\/{rel}","templated":true}]}}