{"id":725,"date":"2025-04-17T23:12:11","date_gmt":"2025-04-17T21:12:11","guid":{"rendered":"https:\/\/institut-kovi.com\/?page_id=725"},"modified":"2025-07-03T15:36:14","modified_gmt":"2025-07-03T13:36:14","slug":"faq","status":"publish","type":"page","link":"https:\/\/institut-kovi.com\/index.php\/faq\/","title":{"rendered":"FAQ"},"content":{"rendered":"<p>[et_pb_section fb_built=\u00a0\u00bb1&Prime; custom_padding_last_edited=\u00a0\u00bbon|tablet\u00a0\u00bb admin_label=\u00a0\u00bbHero\u00a0\u00bb _builder_version=\u00a0\u00bb4.27.4&Prime; background_enable_color=\u00a0\u00bboff\u00a0\u00bb background_image=\u00a0\u00bbhttps:\/\/institut-kovi.com\/wp-content\/uploads\/2025\/05\/FAQ-question-information-support-centre-de-formation-grand-paris-sud-scaled.webp\u00a0\u00bb parallax=\u00a0\u00bbon\u00a0\u00bb custom_margin=\u00a0\u00bb||||false\u00a0\u00bb custom_padding=\u00a0\u00bb330px||330px||true|false\u00a0\u00bb custom_padding_tablet=\u00a0\u00bb||50px|\u00a0\u00bb custom_padding_phone=\u00a0\u00bb150px||150px||true|false\u00a0\u00bb bottom_divider_height=\u00a0\u00bb2.5vw\u00a0\u00bb background_last_edited=\u00a0\u00bbon|phone\u00a0\u00bb background_image_phone=\u00a0\u00bbhttps:\/\/institut-kovi.com\/wp-content\/uploads\/2025\/05\/FAQ-question-information-support-centre-de-formation-grand-paris-sud-scaled.webp\u00a0\u00bb background_enable_image_phone=\u00a0\u00bbon\u00a0\u00bb parallax_phone=\u00a0\u00bboff\u00a0\u00bb global_colors_info=\u00a0\u00bb{}\u00a0\u00bb][\/et_pb_section][et_pb_section fb_built=\u00a0\u00bb1&Prime; admin_label=\u00a0\u00bbFAQ\u00a0\u00bb _builder_version=\u00a0\u00bb4.27.4&Prime; background_enable_color=\u00a0\u00bboff\u00a0\u00bb custom_padding=\u00a0\u00bb0px|0px|54px|0px|false|false\u00a0\u00bb global_colors_info=\u00a0\u00bb{}\u00a0\u00bb][et_pb_row _builder_version=\u00a0\u00bb4.27.4&Prime; background_color=\u00a0\u00bbRGBA(255,255,255,0)\u00a0\u00bb width=\u00a0\u00bb72%\u00a0\u00bb animation_style=\u00a0\u00bbfade\u00a0\u00bb global_colors_info=\u00a0\u00bb{}\u00a0\u00bb][et_pb_column type=\u00a0\u00bb4_4&Prime; _builder_version=\u00a0\u00bb4.27.4&Prime; background_color=\u00a0\u00bb#FFFFFF\u00a0\u00bb custom_padding=\u00a0\u00bb|||\u00a0\u00bb global_colors_info=\u00a0\u00bb{}\u00a0\u00bb custom_padding__hover=\u00a0\u00bb|||\u00a0\u00bb][et_pb_text _builder_version=\u00a0\u00bb4.27.4&Prime; text_font=\u00a0\u00bb&#8211;et_global_heading_font||||||||\u00a0\u00bb text_text_color=\u00a0\u00bb#010101&Prime; text_font_size=\u00a0\u00bb18px\u00a0\u00bb text_line_height=\u00a0\u00bb2em\u00a0\u00bb header_font=\u00a0\u00bb&#8211;et_global_heading_font|300|||||||\u00a0\u00bb header_text_color=\u00a0\u00bb#022B83&Prime; header_font_size=\u00a0\u00bb50px\u00a0\u00bb header_line_height=\u00a0\u00bb1.4em\u00a0\u00bb background_color=\u00a0\u00bbRGBA(255,255,255,0)\u00a0\u00bb text_orientation=\u00a0\u00bbcenter\u00a0\u00bb max_width=\u00a0\u00bb700px\u00a0\u00bb module_alignment=\u00a0\u00bbcenter\u00a0\u00bb custom_margin=\u00a0\u00bb|302px||||\u00a0\u00bb header_font_size_tablet=\u00a0\u00bb40px\u00a0\u00bb header_font_size_phone=\u00a0\u00bb32px\u00a0\u00bb header_font_size_last_edited=\u00a0\u00bbon|desktop\u00a0\u00bb global_colors_info=\u00a0\u00bb{}\u00a0\u00bb]<\/p>\n<h1><strong>FAQ<\/strong><\/h1>\n<p>Consulter notre FAQ et trouver toutes vos r\u00e9ponses<\/p>\n<p>[\/et_pb_text][\/et_pb_column][\/et_pb_row][et_pb_row column_structure=\u00a0\u00bb1_2,1_2&Prime; use_custom_gutter=\u00a0\u00bbon\u00a0\u00bb _builder_version=\u00a0\u00bb4.16&Prime; global_colors_info=\u00a0\u00bb{}\u00a0\u00bb][et_pb_column type=\u00a0\u00bb1_2&Prime; _builder_version=\u00a0\u00bb4.16&Prime; custom_padding=\u00a0\u00bb|||\u00a0\u00bb global_colors_info=\u00a0\u00bb{}\u00a0\u00bb custom_padding__hover=\u00a0\u00bb|||\u00a0\u00bb][et_pb_toggle title=\u00a0\u00bb Quels types de formations et ateliers sont propos\u00e9s par Institut Kovi ?\u00a0\u00bb open=\u00a0\u00bbon\u00a0\u00bb open_toggle_text_color=\u00a0\u00bb#022B83&Prime; open_toggle_background_color=\u00a0\u00bb#ffffff\u00a0\u00bb closed_toggle_text_color=\u00a0\u00bb#022B83&Prime; closed_toggle_background_color=\u00a0\u00bb#ffffff\u00a0\u00bb _builder_version=\u00a0\u00bb4.27.4&Prime; title_text_color=\u00a0\u00bb#022B83&Prime; title_level=\u00a0\u00bbh4&Prime; title_font=\u00a0\u00bb&#8211;et_global_heading_font|500|||||||\u00a0\u00bb title_line_height=\u00a0\u00bb1.4em\u00a0\u00bb closed_title_font=\u00a0\u00bb&#8211;et_global_heading_font||||||||\u00a0\u00bb closed_title_font_size=\u00a0\u00bb18px\u00a0\u00bb body_font=\u00a0\u00bb&#8211;et_global_heading_font|300|||||||\u00a0\u00bb body_text_color=\u00a0\u00bb#010101&Prime; body_font_size=\u00a0\u00bb16px\u00a0\u00bb body_line_height=\u00a0\u00bb2em\u00a0\u00bb custom_padding=\u00a0\u00bb30px|40px|30px|40px|true|true\u00a0\u00bb animation_style=\u00a0\u00bbfade\u00a0\u00bb border_radii=\u00a0\u00bbon|10px|10px|10px|10px\u00a0\u00bb border_width_all=\u00a0\u00bb0px\u00a0\u00bb box_shadow_style=\u00a0\u00bbpreset1&Prime; box_shadow_blur=\u00a0\u00bb30px\u00a0\u00bb box_shadow_color=\u00a0\u00bbrgba(0,0,0,0.06)\u00a0\u00bb global_colors_info=\u00a0\u00bb{}\u00a0\u00bb]<\/p>\n<p><span style=\"font-weight: 400;\">Nous proposons pour les entreprises, les collectivit\u00e9s et les particuliers. Ces formations et ces ateliers en technologies num\u00e9riques\u00a0 sont divers (bureautique, gestion de projet, intelligence artificielle, etc.). Mais aussi en d\u00e9veloppement personnel (prise de parole, gestion du stress et des \u00e9motions, gestion des finances personnelles, etc.).<\/span><\/p>\n<p>[\/et_pb_toggle][et_pb_toggle title=\u00a0\u00bbProposez-vous des formations et des ateliers adaptables aux besoins des entreprises ?\u00a0\u00bb open=\u00a0\u00bbon\u00a0\u00bb open_toggle_text_color=\u00a0\u00bb#022B83&Prime; open_toggle_background_color=\u00a0\u00bb#ffffff\u00a0\u00bb closed_toggle_text_color=\u00a0\u00bb#022B83&Prime; closed_toggle_background_color=\u00a0\u00bb#ffffff\u00a0\u00bb _builder_version=\u00a0\u00bb4.27.4&Prime; title_text_color=\u00a0\u00bb#022B83&Prime; title_level=\u00a0\u00bbh4&Prime; title_font=\u00a0\u00bb&#8211;et_global_heading_font|500|||||||\u00a0\u00bb title_line_height=\u00a0\u00bb1.4em\u00a0\u00bb body_font=\u00a0\u00bb&#8211;et_global_heading_font|300|||||||\u00a0\u00bb body_text_color=\u00a0\u00bb#010101&Prime; body_font_size=\u00a0\u00bb16px\u00a0\u00bb body_line_height=\u00a0\u00bb2em\u00a0\u00bb custom_padding=\u00a0\u00bb30px|40px|30px|40px|true|true\u00a0\u00bb animation_style=\u00a0\u00bbfade\u00a0\u00bb border_radii=\u00a0\u00bbon|10px|10px|10px|10px\u00a0\u00bb border_width_all=\u00a0\u00bb2px\u00a0\u00bb border_color_all=\u00a0\u00bb#FB914D\u00a0\u00bb box_shadow_style=\u00a0\u00bbpreset1&Prime; box_shadow_blur=\u00a0\u00bb30px\u00a0\u00bb box_shadow_color=\u00a0\u00bbrgba(0,0,0,0.06)\u00a0\u00bb global_colors_info=\u00a0\u00bb{}\u00a0\u00bb]<\/p>\n<p><span style=\"font-weight: 400;\">Nous accompagnons les entreprises dans la mont\u00e9e en comp\u00e9tences de leurs \u00e9quipes, avec des contenus sur mesure et des formats flexibles.<\/span><\/p>\n<p>[\/et_pb_toggle][et_pb_toggle title=\u00a0\u00bb Peut-on suivre une formation ou un atelier propos\u00e9 par Institut Kovi hors du temps de travail ?\u00a0\u00bb open_toggle_text_color=\u00a0\u00bb#022B83&Prime; open_toggle_background_color=\u00a0\u00bb#ffffff\u00a0\u00bb closed_toggle_text_color=\u00a0\u00bb#022B83&Prime; closed_toggle_background_color=\u00a0\u00bb#ffffff\u00a0\u00bb _builder_version=\u00a0\u00bb4.27.4&Prime; title_text_color=\u00a0\u00bb#022B83&Prime; title_level=\u00a0\u00bbh4&Prime; title_font=\u00a0\u00bbMontserrat|500|||||||\u00a0\u00bb title_line_height=\u00a0\u00bb1.4em\u00a0\u00bb body_font=\u00a0\u00bb|300|||||||\u00a0\u00bb body_text_color=\u00a0\u00bb#010101&Prime; body_font_size=\u00a0\u00bb16px\u00a0\u00bb body_line_height=\u00a0\u00bb2em\u00a0\u00bb custom_padding=\u00a0\u00bb30px|40px|30px|40px|true|true\u00a0\u00bb animation_style=\u00a0\u00bbfade\u00a0\u00bb border_radii=\u00a0\u00bbon|10px|10px|10px|10px\u00a0\u00bb border_width_all=\u00a0\u00bb0px\u00a0\u00bb box_shadow_style=\u00a0\u00bbpreset1&Prime; box_shadow_blur=\u00a0\u00bb30px\u00a0\u00bb box_shadow_color=\u00a0\u00bbrgba(0,0,0,0.06)\u00a0\u00bb global_colors_info=\u00a0\u00bb{}\u00a0\u00bb]<\/p>\n<p><span style=\"font-weight: 400;\">Il est possible dans certains cas, de suivre une formation ou un atelier, selon les formats programm\u00e9s, en pr\u00e9sentiel ou \u00e0 distance. Ces formations ou ateliers ont lieu en dehors des heures de travail ou le week-end et s\u2019adaptent aux contraintes professionnelles et personnelles des apprenants.<\/span><\/p>\n<p>[\/et_pb_toggle][et_pb_toggle title=\u00a0\u00bb Quelles th\u00e9matiques abordez-vous en d\u00e9veloppement personnel ?\u00a0\u00bb open_toggle_text_color=\u00a0\u00bb#022B83&Prime; open_toggle_background_color=\u00a0\u00bb#ffffff\u00a0\u00bb closed_toggle_text_color=\u00a0\u00bb#022B83&Prime; closed_toggle_background_color=\u00a0\u00bb#ffffff\u00a0\u00bb _builder_version=\u00a0\u00bb4.27.4&Prime; title_text_color=\u00a0\u00bb#022B83&Prime; title_level=\u00a0\u00bbh4&Prime; title_font=\u00a0\u00bb&#8211;et_global_heading_font|500|||||||\u00a0\u00bb title_line_height=\u00a0\u00bb1.4em\u00a0\u00bb body_font=\u00a0\u00bb|300|||||||\u00a0\u00bb body_text_color=\u00a0\u00bb#010101&Prime; body_font_size=\u00a0\u00bb16px\u00a0\u00bb body_line_height=\u00a0\u00bb2em\u00a0\u00bb custom_padding=\u00a0\u00bb30px|40px|30px|40px|true|true\u00a0\u00bb animation_style=\u00a0\u00bbfade\u00a0\u00bb border_radii=\u00a0\u00bbon|10px|10px|10px|10px\u00a0\u00bb border_width_all=\u00a0\u00bb2px\u00a0\u00bb border_color_all=\u00a0\u00bb#0F5CBF\u00a0\u00bb box_shadow_style=\u00a0\u00bbpreset1&Prime; box_shadow_blur=\u00a0\u00bb30px\u00a0\u00bb box_shadow_color=\u00a0\u00bbrgba(0,0,0,0.06)\u00a0\u00bb global_colors_info=\u00a0\u00bb{}\u00a0\u00bb]<\/p>\n<p><span style=\"font-weight: 400;\">Les th\u00e9matiques abord\u00e9es pour les formations et ateliers en d\u00e9veloppement personnel sont vari\u00e9s. Par exemple,\u00a0 Leadership, communication, assertivit\u00e9, gestion du stress, confiance en soi, intelligence \u00e9motionnelle ou la gestion des finances personnelles, etc.<\/span><\/p>\n<p>[\/et_pb_toggle][et_pb_toggle title=\u00a0\u00bbComment se d\u00e9roulent vos formations ou ateliers \u00e0 distance ?\u00a0\u00bb open_toggle_text_color=\u00a0\u00bb#022B83&Prime; open_toggle_background_color=\u00a0\u00bb#ffffff\u00a0\u00bb closed_toggle_text_color=\u00a0\u00bb#022B83&Prime; closed_toggle_background_color=\u00a0\u00bb#ffffff\u00a0\u00bb _builder_version=\u00a0\u00bb4.27.4&Prime; title_text_color=\u00a0\u00bb#022B83&Prime; title_level=\u00a0\u00bbh4&Prime; title_font=\u00a0\u00bb&#8211;et_global_heading_font|500|||||||\u00a0\u00bb title_line_height=\u00a0\u00bb1.4em\u00a0\u00bb body_font=\u00a0\u00bb|300|||||||\u00a0\u00bb body_text_color=\u00a0\u00bb#010101&Prime; body_font_size=\u00a0\u00bb16px\u00a0\u00bb body_line_height=\u00a0\u00bb2em\u00a0\u00bb custom_padding=\u00a0\u00bb30px|40px|30px|40px|true|true\u00a0\u00bb animation_style=\u00a0\u00bbfade\u00a0\u00bb border_radii=\u00a0\u00bbon|10px|10px|10px|10px\u00a0\u00bb border_width_all=\u00a0\u00bb0px\u00a0\u00bb box_shadow_style=\u00a0\u00bbpreset1&Prime; box_shadow_blur=\u00a0\u00bb30px\u00a0\u00bb box_shadow_color=\u00a0\u00bbrgba(0,0,0,0.06)\u00a0\u00bb global_colors_info=\u00a0\u00bb{}\u00a0\u00bb]<\/p>\n<p><span style=\"font-weight: 400;\">Les formations ou ateliers \u00e0 distance propos\u00e9s par Institut Kovi ont lieu via des outils comme Zoom, Google Meet, Teams, etc avec supports interactifs et des exercices pratiques.<\/span><\/p>\n<p>[\/et_pb_toggle][et_pb_toggle title=\u00a0\u00bb Quels sont les modes de financement disponibles pour les formations Institut Kovi?\u00a0\u00bb open_toggle_text_color=\u00a0\u00bb#022B83&Prime; open_toggle_background_color=\u00a0\u00bb#ffffff\u00a0\u00bb closed_toggle_text_color=\u00a0\u00bb#022B83&Prime; closed_toggle_background_color=\u00a0\u00bb#ffffff\u00a0\u00bb _builder_version=\u00a0\u00bb4.27.4&Prime; title_text_color=\u00a0\u00bb#022B83&Prime; title_level=\u00a0\u00bbh4&Prime; title_font=\u00a0\u00bb&#8211;et_global_heading_font|500|||||||\u00a0\u00bb title_line_height=\u00a0\u00bb1.4em\u00a0\u00bb body_font=\u00a0\u00bb&#8211;et_global_heading_font|300|||||||\u00a0\u00bb body_text_color=\u00a0\u00bb#010101&Prime; body_font_size=\u00a0\u00bb16px\u00a0\u00bb body_line_height=\u00a0\u00bb2em\u00a0\u00bb custom_padding=\u00a0\u00bb30px|40px|30px|40px|true|true\u00a0\u00bb animation_style=\u00a0\u00bbfade\u00a0\u00bb border_radii=\u00a0\u00bbon|10px|10px|10px|10px\u00a0\u00bb border_width_all=\u00a0\u00bb2px\u00a0\u00bb border_color_all=\u00a0\u00bb#FB914D\u00a0\u00bb box_shadow_style=\u00a0\u00bbpreset1&Prime; box_shadow_blur=\u00a0\u00bb30px\u00a0\u00bb box_shadow_color=\u00a0\u00bbrgba(0,0,0,0.06)\u00a0\u00bb global_colors_info=\u00a0\u00bb{}\u00a0\u00bb]<\/p>\n<p><span style=\"font-weight: 400;\">Les formations ou ateliers peuvent \u00eatre financ\u00e9s par\u00a0 le plan de d\u00e9veloppement des comp\u00e9tences pour les entreprises. Pour les particuliers un auto-financement est possible (Paiement \u00e9chelonn\u00e9).<\/span><\/p>\n<p>[\/et_pb_toggle][\/et_pb_column][et_pb_column type=\u00a0\u00bb1_2&Prime; _builder_version=\u00a0\u00bb4.16&Prime; custom_padding=\u00a0\u00bb|||\u00a0\u00bb global_colors_info=\u00a0\u00bb{}\u00a0\u00bb custom_padding__hover=\u00a0\u00bb|||\u00a0\u00bb][et_pb_toggle title=\u00a0\u00bbA quels publics s\u2019adressent les formations et ateliers propos\u00e9s par Institut Kovi ?\u00a0\u00bb open=\u00a0\u00bbon\u00a0\u00bb open_toggle_text_color=\u00a0\u00bb#022B83&Prime; open_toggle_background_color=\u00a0\u00bb#ffffff\u00a0\u00bb closed_toggle_text_color=\u00a0\u00bb#022B83&Prime; closed_toggle_background_color=\u00a0\u00bb#ffffff\u00a0\u00bb _builder_version=\u00a0\u00bb4.27.4&Prime; title_text_color=\u00a0\u00bb#022B83&Prime; title_level=\u00a0\u00bbh4&Prime; title_font=\u00a0\u00bb&#8211;et_global_heading_font|500|||||||\u00a0\u00bb title_line_height=\u00a0\u00bb1.4em\u00a0\u00bb body_font=\u00a0\u00bb|300|||||||\u00a0\u00bb body_text_color=\u00a0\u00bb#010101&Prime; body_font_size=\u00a0\u00bb16px\u00a0\u00bb body_line_height=\u00a0\u00bb2em\u00a0\u00bb custom_padding=\u00a0\u00bb30px|40px|30px|40px|true|true\u00a0\u00bb animation_style=\u00a0\u00bbfade\u00a0\u00bb border_radii=\u00a0\u00bbon|10px|10px|10px|10px\u00a0\u00bb border_width_all=\u00a0\u00bb2px\u00a0\u00bb border_color_all=\u00a0\u00bb#0F5CBF\u00a0\u00bb box_shadow_style=\u00a0\u00bbpreset1&Prime; box_shadow_blur=\u00a0\u00bb30px\u00a0\u00bb box_shadow_color=\u00a0\u00bbrgba(0,0,0,0.06)\u00a0\u00bb locked=\u00a0\u00bboff\u00a0\u00bb global_colors_info=\u00a0\u00bb{}\u00a0\u00bb]<\/p>\n<p><span style=\"font-weight: 400;\">De nombreuses formations et ateliers sont ouverts aux d\u00e9butants, d&rsquo;autres s&rsquo;adressent \u00e0 des publics exp\u00e9riment\u00e9s. Les pr\u00e9requis sont pr\u00e9cis\u00e9s sur chaque fiche formation ou fiche atelier.<\/span><\/p>\n<p>[\/et_pb_toggle][et_pb_toggle title=\u00a0\u00bbCombien de temps dure une formation ou un atelier propos\u00e9 par Institut Kovi ?\u00a0\u00bb open_toggle_text_color=\u00a0\u00bb#022B83&Prime; open_toggle_background_color=\u00a0\u00bb#ffffff\u00a0\u00bb closed_toggle_text_color=\u00a0\u00bb#022B83&Prime; closed_toggle_background_color=\u00a0\u00bb#ffffff\u00a0\u00bb _builder_version=\u00a0\u00bb4.27.4&Prime; title_text_color=\u00a0\u00bb#022B83&Prime; title_level=\u00a0\u00bbh4&Prime; title_font=\u00a0\u00bb&#8211;et_global_heading_font|500|||||||\u00a0\u00bb title_line_height=\u00a0\u00bb1.4em\u00a0\u00bb closed_title_font=\u00a0\u00bb&#8211;et_global_heading_font||||||||\u00a0\u00bb body_font=\u00a0\u00bb|300|||||||\u00a0\u00bb body_text_color=\u00a0\u00bb#010101&Prime; body_font_size=\u00a0\u00bb16px\u00a0\u00bb body_line_height=\u00a0\u00bb2em\u00a0\u00bb custom_padding=\u00a0\u00bb30px|40px|30px|40px|true|true\u00a0\u00bb animation_style=\u00a0\u00bbfade\u00a0\u00bb border_radii=\u00a0\u00bbon|10px|10px|10px|10px\u00a0\u00bb border_width_all=\u00a0\u00bb0px\u00a0\u00bb border_color_all=\u00a0\u00bb#FB914D\u00a0\u00bb box_shadow_style=\u00a0\u00bbpreset1&Prime; box_shadow_blur=\u00a0\u00bb30px\u00a0\u00bb box_shadow_color=\u00a0\u00bbrgba(0,0,0,0.06)\u00a0\u00bb locked=\u00a0\u00bboff\u00a0\u00bb global_colors_info=\u00a0\u00bb{}\u00a0\u00bb]<\/p>\n<p><span style=\"font-weight: 400;\">Cela d\u00e9pend du programme : la dur\u00e9e varie de 1 jour pour une initiation \u00e0 plusieurs jours pour certaines formations ou certains ateliers. La dur\u00e9e de formation ou d\u2019atelier est pr\u00e9cis\u00e9e dans le programme.<\/span><\/p>\n<p>[\/et_pb_toggle][et_pb_toggle title=\u00a0\u00bbEn quoi consistent vos formations en technologies num\u00e9riques ?\u00a0\u00bb open_toggle_text_color=\u00a0\u00bb#022B83&Prime; open_toggle_background_color=\u00a0\u00bb#ffffff\u00a0\u00bb closed_toggle_text_color=\u00a0\u00bb#022B83&Prime; closed_toggle_background_color=\u00a0\u00bb#ffffff\u00a0\u00bb _builder_version=\u00a0\u00bb4.27.4&Prime; title_text_color=\u00a0\u00bb#022B83&Prime; title_level=\u00a0\u00bbh4&Prime; title_font=\u00a0\u00bb&#8211;et_global_heading_font|500|||||||\u00a0\u00bb title_line_height=\u00a0\u00bb1.4em\u00a0\u00bb body_font=\u00a0\u00bb|300|||||||\u00a0\u00bb body_text_color=\u00a0\u00bb#010101&Prime; body_font_size=\u00a0\u00bb16px\u00a0\u00bb body_line_height=\u00a0\u00bb2em\u00a0\u00bb custom_padding=\u00a0\u00bb30px|40px|30px|40px|true|true\u00a0\u00bb animation_style=\u00a0\u00bbfade\u00a0\u00bb border_radii=\u00a0\u00bbon|10px|10px|10px|10px\u00a0\u00bb border_width_all=\u00a0\u00bb2px\u00a0\u00bb border_color_all=\u00a0\u00bb#0F5CBF\u00a0\u00bb box_shadow_style=\u00a0\u00bbpreset1&Prime; box_shadow_blur=\u00a0\u00bb30px\u00a0\u00bb box_shadow_color=\u00a0\u00bbrgba(0,0,0,0.06)\u00a0\u00bb locked=\u00a0\u00bboff\u00a0\u00bb global_colors_info=\u00a0\u00bb{}\u00a0\u00bb]<\/p>\n<p><span style=\"font-weight: 400;\">Nos formations en technologies num\u00e9riques couvrent des th\u00e9matiques allant de la bureautique \u00e0 l\u2019Intelligence Artificielle et m\u00eame de la gestion de projet. Le tout avec une approche pratique et concr\u00e8te.<\/span><\/p>\n<p>[\/et_pb_toggle][et_pb_toggle title=\u00a0\u00bbInstitut Kovi propose -t-il un accompagnement individuel ?\u00a0\u00bb open_toggle_text_color=\u00a0\u00bb#022B83&Prime; open_toggle_background_color=\u00a0\u00bb#ffffff\u00a0\u00bb closed_toggle_text_color=\u00a0\u00bb#022B83&Prime; closed_toggle_background_color=\u00a0\u00bb#ffffff\u00a0\u00bb _builder_version=\u00a0\u00bb4.27.4&Prime; title_text_color=\u00a0\u00bb#022B83&Prime; title_level=\u00a0\u00bbh4&Prime; title_font=\u00a0\u00bb&#8211;et_global_heading_font|500|||||||\u00a0\u00bb title_line_height=\u00a0\u00bb1.4em\u00a0\u00bb body_font=\u00a0\u00bb|300|||||||\u00a0\u00bb body_text_color=\u00a0\u00bb#010101&Prime; body_font_size=\u00a0\u00bb16px\u00a0\u00bb body_line_height=\u00a0\u00bb2em\u00a0\u00bb custom_padding=\u00a0\u00bb30px|40px|30px|40px|true|true\u00a0\u00bb animation_style=\u00a0\u00bbfade\u00a0\u00bb border_radii=\u00a0\u00bbon|10px|10px|10px|10px\u00a0\u00bb border_width_all=\u00a0\u00bb0px\u00a0\u00bb box_shadow_style=\u00a0\u00bbpreset1&Prime; box_shadow_blur=\u00a0\u00bb30px\u00a0\u00bb box_shadow_color=\u00a0\u00bbrgba(0,0,0,0.06)\u00a0\u00bb locked=\u00a0\u00bboff\u00a0\u00bb global_colors_info=\u00a0\u00bb{}\u00a0\u00bb]<\/p>\n<p><span style=\"font-weight: 400;\">Il est possible d\u2019avoir un accompagnement individuel avec Institut Kovi. Pour cela, il suffit de prendre contact avec nous via le site internet ou par t\u00e9l\u00e9phone au 0749196807. Un programme d\u2019accompagnement adapt\u00e9 \u00e0 vos besoins vous sera propos\u00e9. Par ailleurs, dans le cadre de certaines formations ou ateliers, chaque stagiaire b\u00e9n\u00e9ficie d\u2019un r\u00e9f\u00e9rent p\u00e9dagogique et de s\u00e9ances de coaching personnalis\u00e9es.<\/span><\/p>\n<p>[\/et_pb_toggle][et_pb_toggle title=\u00a0\u00bb Vais-je devoir passer un test ou un examen ?\u00a0\u00bb open_toggle_text_color=\u00a0\u00bb#022B83&Prime; open_toggle_background_color=\u00a0\u00bb#ffffff\u00a0\u00bb closed_toggle_text_color=\u00a0\u00bb#022B83&Prime; closed_toggle_background_color=\u00a0\u00bb#ffffff\u00a0\u00bb _builder_version=\u00a0\u00bb4.27.4&Prime; title_text_color=\u00a0\u00bb#022B83&Prime; title_level=\u00a0\u00bbh4&Prime; title_font=\u00a0\u00bb&#8211;et_global_heading_font|500|||||||\u00a0\u00bb title_line_height=\u00a0\u00bb1.4em\u00a0\u00bb body_font=\u00a0\u00bb&#8211;et_global_heading_font|300|||||||\u00a0\u00bb body_text_color=\u00a0\u00bb#010101&Prime; body_font_size=\u00a0\u00bb16px\u00a0\u00bb body_line_height=\u00a0\u00bb2em\u00a0\u00bb custom_padding=\u00a0\u00bb30px|40px|30px|40px|true|true\u00a0\u00bb animation_style=\u00a0\u00bbfade\u00a0\u00bb border_radii=\u00a0\u00bbon|10px|10px|10px|10px\u00a0\u00bb border_width_all=\u00a0\u00bb2px\u00a0\u00bb border_color_all=\u00a0\u00bb#FB914D\u00a0\u00bb box_shadow_style=\u00a0\u00bbpreset1&Prime; box_shadow_blur=\u00a0\u00bb30px\u00a0\u00bb box_shadow_color=\u00a0\u00bbrgba(0,0,0,0.06)\u00a0\u00bb global_colors_info=\u00a0\u00bb{}\u00a0\u00bb]<\/p>\n<p><span style=\"font-weight: 400;\">La plupart des formations et ateliers propos\u00e9s par Institut Kovi comportent une \u00e9valuation finale (quiz, mise en situation, exercice). Cela permet de valider les acquis et obtenir l\u2019attestation de fin de formation.<\/span><\/p>\n<p>[\/et_pb_toggle][et_pb_toggle title=\u00a0\u00bb Quand et comment dois-je m\u2019inscrire ?\u00a0\u00bb open_toggle_text_color=\u00a0\u00bb#022B83&Prime; open_toggle_background_color=\u00a0\u00bb#ffffff\u00a0\u00bb closed_toggle_text_color=\u00a0\u00bb#022B83&Prime; closed_toggle_background_color=\u00a0\u00bb#ffffff\u00a0\u00bb _builder_version=\u00a0\u00bb4.27.4&Prime; title_text_color=\u00a0\u00bb#022B83&Prime; title_level=\u00a0\u00bbh4&Prime; title_font=\u00a0\u00bb&#8211;et_global_heading_font|500|||||||\u00a0\u00bb title_line_height=\u00a0\u00bb1.4em\u00a0\u00bb body_font=\u00a0\u00bb|300|||||||\u00a0\u00bb body_text_color=\u00a0\u00bb#010101&Prime; body_font_size=\u00a0\u00bb16px\u00a0\u00bb body_line_height=\u00a0\u00bb2em\u00a0\u00bb custom_padding=\u00a0\u00bb30px|40px|30px|40px|true|true\u00a0\u00bb animation_style=\u00a0\u00bbfade\u00a0\u00bb border_radii=\u00a0\u00bbon|10px|10px|10px|10px\u00a0\u00bb border_width_all=\u00a0\u00bb0px\u00a0\u00bb box_shadow_style=\u00a0\u00bbpreset1&Prime; box_shadow_blur=\u00a0\u00bb30px\u00a0\u00bb box_shadow_color=\u00a0\u00bbrgba(0,0,0,0.06)\u00a0\u00bb global_colors_info=\u00a0\u00bb{}\u00a0\u00bb]<\/p>\n<p><span style=\"font-weight: 400;\">L\u2019inscription peut se faire en ligne en remplissant le formulaire ou par t\u00e9l\u00e9phone, jusqu\u2019\u00e0 7 \u00e0 10 jours avant le d\u00e9but de la session (sous r\u00e9serve de place disponible).<\/span><\/p>\n<p>[\/et_pb_toggle][et_pb_toggle title=\u00a0\u00bbPuis-je avoir un entretien pour choisir ma formation ?\u00a0\u00bb open_toggle_text_color=\u00a0\u00bb#022B83&Prime; open_toggle_background_color=\u00a0\u00bb#ffffff\u00a0\u00bb closed_toggle_text_color=\u00a0\u00bb#022B83&Prime; closed_toggle_background_color=\u00a0\u00bb#ffffff\u00a0\u00bb _builder_version=\u00a0\u00bb4.27.4&Prime; title_text_color=\u00a0\u00bb#022B83&Prime; title_level=\u00a0\u00bbh4&Prime; title_font=\u00a0\u00bb&#8211;et_global_heading_font|500|||||||\u00a0\u00bb title_line_height=\u00a0\u00bb1.4em\u00a0\u00bb body_font=\u00a0\u00bb|300|||||||\u00a0\u00bb body_text_color=\u00a0\u00bb#010101&Prime; body_font_size=\u00a0\u00bb16px\u00a0\u00bb body_line_height=\u00a0\u00bb2em\u00a0\u00bb custom_padding=\u00a0\u00bb30px|40px|30px|40px|true|true\u00a0\u00bb animation_style=\u00a0\u00bbfade\u00a0\u00bb border_radii=\u00a0\u00bbon|10px|10px|10px|10px\u00a0\u00bb border_width_all=\u00a0\u00bb2px\u00a0\u00bb border_color_all=\u00a0\u00bb#0F5CBF\u00a0\u00bb box_shadow_style=\u00a0\u00bbpreset1&Prime; box_shadow_blur=\u00a0\u00bb30px\u00a0\u00bb box_shadow_color=\u00a0\u00bbrgba(0,0,0,0.06)\u00a0\u00bb global_colors_info=\u00a0\u00bb{}\u00a0\u00bb]<\/p>\n<p><span style=\"font-weight: 400;\">Oui, vous pouvez prendre rendez-vous gratuitement avec un conseiller p\u00e9dagogique. Ainsi d\u00e9finir le programme le plus adapt\u00e9 \u00e0 vos objectifs.<\/span><\/p>\n<p>[\/et_pb_toggle][\/et_pb_column][\/et_pb_row][et_pb_row _builder_version=\u00a0\u00bb4.16&Prime; custom_padding=\u00a0\u00bb27px|0px|27px|0px|false|false\u00a0\u00bb global_colors_info=\u00a0\u00bb{}\u00a0\u00bb][et_pb_column type=\u00a0\u00bb4_4&Prime; _builder_version=\u00a0\u00bb4.16&Prime; custom_padding=\u00a0\u00bb|||\u00a0\u00bb global_colors_info=\u00a0\u00bb{}\u00a0\u00bb custom_padding__hover=\u00a0\u00bb|||\u00a0\u00bb][\/et_pb_column][\/et_pb_row][\/et_pb_section]<\/p>\n","protected":false},"excerpt":{"rendered":"<p>FAQ Consulter notre FAQ et trouver toutes vos r\u00e9ponsesNous proposons pour les entreprises, les collectivit\u00e9s et les particuliers. Ces formations et ces ateliers en technologies num\u00e9riques\u00a0 sont divers (bureautique, gestion de projet, intelligence artificielle, etc.). Mais aussi en d\u00e9veloppement personnel (prise de parole, gestion du stress et des \u00e9motions, gestion des finances personnelles, etc.).Nous accompagnons [&hellip;]<\/p>\n","protected":false},"author":4,"featured_media":0,"parent":0,"menu_order":0,"comment_status":"closed","ping_status":"closed","template":"","meta":{"_et_pb_use_builder":"on","_et_pb_old_content":"","_et_gb_content_width":"","footnotes":""},"class_list":["post-725","page","type-page","status-publish","hentry"],"yoast_head":"<!-- This site is optimized with the Yoast SEO plugin v26.0 - https:\/\/yoast.com\/wordpress\/plugins\/seo\/ -->\n<title>Institut Kovi Formation -<\/title>\n<meta name=\"description\" content=\"Toutes les r\u00e9ponses \u00e0 vos questions, quels types de formations et ateliers sont propos\u00e9s par Institut Kovi ?\" \/>\n<meta name=\"robots\" content=\"index, follow, max-snippet:-1, max-image-preview:large, max-video-preview:-1\" \/>\n<link rel=\"canonical\" href=\"https:\/\/institut-kovi.com\/index.php\/faq\/\" \/>\n<meta property=\"og:locale\" content=\"fr_FR\" \/>\n<meta property=\"og:type\" content=\"article\" \/>\n<meta property=\"og:title\" content=\"Institut Kovi Formation -\" \/>\n<meta property=\"og:description\" content=\"Toutes les r\u00e9ponses \u00e0 vos questions, quels types de formations et ateliers sont propos\u00e9s par Institut Kovi ?\" \/>\n<meta property=\"og:url\" content=\"https:\/\/institut-kovi.com\/index.php\/faq\/\" \/>\n<meta property=\"og:site_name\" content=\"Institut Kovi Formation\" \/>\n<meta property=\"article:modified_time\" content=\"2025-07-03T13:36:14+00:00\" \/>\n<meta name=\"twitter:card\" content=\"summary_large_image\" \/>\n<meta name=\"twitter:label1\" content=\"Dur\u00e9e de lecture estim\u00e9e\" \/>\n\t<meta name=\"twitter:data1\" content=\"3 minutes\" \/>\n<script type=\"application\/ld+json\" class=\"yoast-schema-graph\">{\"@context\":\"https:\/\/schema.org\",\"@graph\":[{\"@type\":\"WebPage\",\"@id\":\"https:\/\/institut-kovi.com\/index.php\/faq\/\",\"url\":\"https:\/\/institut-kovi.com\/index.php\/faq\/\",\"name\":\"Institut Kovi Formation -\",\"isPartOf\":{\"@id\":\"https:\/\/institut-kovi.com\/#website\"},\"datePublished\":\"2025-04-17T21:12:11+00:00\",\"dateModified\":\"2025-07-03T13:36:14+00:00\",\"description\":\"Toutes les r\u00e9ponses \u00e0 vos questions, quels types de formations et ateliers sont propos\u00e9s par Institut Kovi ?\",\"breadcrumb\":{\"@id\":\"https:\/\/institut-kovi.com\/index.php\/faq\/#breadcrumb\"},\"inLanguage\":\"fr-FR\",\"potentialAction\":[{\"@type\":\"ReadAction\",\"target\":[\"https:\/\/institut-kovi.com\/index.php\/faq\/\"]}]},{\"@type\":\"BreadcrumbList\",\"@id\":\"https:\/\/institut-kovi.com\/index.php\/faq\/#breadcrumb\",\"itemListElement\":[{\"@type\":\"ListItem\",\"position\":1,\"name\":\"Accueil\",\"item\":\"https:\/\/institut-kovi.com\/\"},{\"@type\":\"ListItem\",\"position\":2,\"name\":\"FAQ\"}]},{\"@type\":\"WebSite\",\"@id\":\"https:\/\/institut-kovi.com\/#website\",\"url\":\"https:\/\/institut-kovi.com\/\",\"name\":\"Institut Kovi Formation\",\"description\":\"Accompagner le d\u00e9veloppement de vos comp\u00e9tences\",\"publisher\":{\"@id\":\"https:\/\/institut-kovi.com\/#organization\"},\"potentialAction\":[{\"@type\":\"SearchAction\",\"target\":{\"@type\":\"EntryPoint\",\"urlTemplate\":\"https:\/\/institut-kovi.com\/?s={search_term_string}\"},\"query-input\":{\"@type\":\"PropertyValueSpecification\",\"valueRequired\":true,\"valueName\":\"search_term_string\"}}],\"inLanguage\":\"fr-FR\"},{\"@type\":\"Organization\",\"@id\":\"https:\/\/institut-kovi.com\/#organization\",\"name\":\"Institut Kovi Formation\",\"url\":\"https:\/\/institut-kovi.com\/\",\"logo\":{\"@type\":\"ImageObject\",\"inLanguage\":\"fr-FR\",\"@id\":\"https:\/\/institut-kovi.com\/#\/schema\/logo\/image\/\",\"url\":\"https:\/\/institut-kovi.com\/wp-content\/uploads\/2025\/04\/logo-Institut-kovi-removebg-preview-1.png\",\"contentUrl\":\"https:\/\/institut-kovi.com\/wp-content\/uploads\/2025\/04\/logo-Institut-kovi-removebg-preview-1.png\",\"width\":495,\"height\":362,\"caption\":\"Institut Kovi Formation\"},\"image\":{\"@id\":\"https:\/\/institut-kovi.com\/#\/schema\/logo\/image\/\"},\"sameAs\":[\"https:\/\/www.linkedin.com\/in\/fabricekuakuvi\/\"]}]}<\/script>\n<!-- \/ Yoast SEO plugin. -->","yoast_head_json":{"title":"Institut Kovi Formation -","description":"Toutes les r\u00e9ponses \u00e0 vos questions, quels types de formations et ateliers sont propos\u00e9s par Institut Kovi ?","robots":{"index":"index","follow":"follow","max-snippet":"max-snippet:-1","max-image-preview":"max-image-preview:large","max-video-preview":"max-video-preview:-1"},"canonical":"https:\/\/institut-kovi.com\/index.php\/faq\/","og_locale":"fr_FR","og_type":"article","og_title":"Institut Kovi Formation -","og_description":"Toutes les r\u00e9ponses \u00e0 vos questions, quels types de formations et ateliers sont propos\u00e9s par Institut Kovi ?","og_url":"https:\/\/institut-kovi.com\/index.php\/faq\/","og_site_name":"Institut Kovi Formation","article_modified_time":"2025-07-03T13:36:14+00:00","twitter_card":"summary_large_image","twitter_misc":{"Dur\u00e9e de lecture estim\u00e9e":"3 minutes"},"schema":{"@context":"https:\/\/schema.org","@graph":[{"@type":"WebPage","@id":"https:\/\/institut-kovi.com\/index.php\/faq\/","url":"https:\/\/institut-kovi.com\/index.php\/faq\/","name":"Institut Kovi Formation -","isPartOf":{"@id":"https:\/\/institut-kovi.com\/#website"},"datePublished":"2025-04-17T21:12:11+00:00","dateModified":"2025-07-03T13:36:14+00:00","description":"Toutes les r\u00e9ponses \u00e0 vos questions, quels types de formations et ateliers sont propos\u00e9s par Institut Kovi ?","breadcrumb":{"@id":"https:\/\/institut-kovi.com\/index.php\/faq\/#breadcrumb"},"inLanguage":"fr-FR","potentialAction":[{"@type":"ReadAction","target":["https:\/\/institut-kovi.com\/index.php\/faq\/"]}]},{"@type":"BreadcrumbList","@id":"https:\/\/institut-kovi.com\/index.php\/faq\/#breadcrumb","itemListElement":[{"@type":"ListItem","position":1,"name":"Accueil","item":"https:\/\/institut-kovi.com\/"},{"@type":"ListItem","position":2,"name":"FAQ"}]},{"@type":"WebSite","@id":"https:\/\/institut-kovi.com\/#website","url":"https:\/\/institut-kovi.com\/","name":"Institut Kovi Formation","description":"Accompagner le d\u00e9veloppement de vos comp\u00e9tences","publisher":{"@id":"https:\/\/institut-kovi.com\/#organization"},"potentialAction":[{"@type":"SearchAction","target":{"@type":"EntryPoint","urlTemplate":"https:\/\/institut-kovi.com\/?s={search_term_string}"},"query-input":{"@type":"PropertyValueSpecification","valueRequired":true,"valueName":"search_term_string"}}],"inLanguage":"fr-FR"},{"@type":"Organization","@id":"https:\/\/institut-kovi.com\/#organization","name":"Institut Kovi Formation","url":"https:\/\/institut-kovi.com\/","logo":{"@type":"ImageObject","inLanguage":"fr-FR","@id":"https:\/\/institut-kovi.com\/#\/schema\/logo\/image\/","url":"https:\/\/institut-kovi.com\/wp-content\/uploads\/2025\/04\/logo-Institut-kovi-removebg-preview-1.png","contentUrl":"https:\/\/institut-kovi.com\/wp-content\/uploads\/2025\/04\/logo-Institut-kovi-removebg-preview-1.png","width":495,"height":362,"caption":"Institut Kovi Formation"},"image":{"@id":"https:\/\/institut-kovi.com\/#\/schema\/logo\/image\/"},"sameAs":["https:\/\/www.linkedin.com\/in\/fabricekuakuvi\/"]}]}},"_links":{"self":[{"href":"https:\/\/institut-kovi.com\/index.php\/wp-json\/wp\/v2\/pages\/725","targetHints":{"allow":["GET"]}}],"collection":[{"href":"https:\/\/institut-kovi.com\/index.php\/wp-json\/wp\/v2\/pages"}],"about":[{"href":"https:\/\/institut-kovi.com\/index.php\/wp-json\/wp\/v2\/types\/page"}],"author":[{"embeddable":true,"href":"https:\/\/institut-kovi.com\/index.php\/wp-json\/wp\/v2\/users\/4"}],"replies":[{"embeddable":true,"href":"https:\/\/institut-kovi.com\/index.php\/wp-json\/wp\/v2\/comments?post=725"}],"version-history":[{"count":42,"href":"https:\/\/institut-kovi.com\/index.php\/wp-json\/wp\/v2\/pages\/725\/revisions"}],"predecessor-version":[{"id":226386,"href":"https:\/\/institut-kovi.com\/index.php\/wp-json\/wp\/v2\/pages\/725\/revisions\/226386"}],"wp:attachment":[{"href":"https:\/\/institut-kovi.com\/index.php\/wp-json\/wp\/v2\/media?parent=725"}],"curies":[{"name":"wp","href":"https:\/\/api.w.org\/{rel}","templated":true}]}}